{"id":4232,"date":"2018-11-30T18:05:37","date_gmt":"2018-11-30T18:05:37","guid":{"rendered":"https:\/\/gastronomia-aragonesa.com\/routes\/aragon-et-rueda\/"},"modified":"2019-04-05T07:47:56","modified_gmt":"2019-04-05T07:47:56","slug":"aragon-et-rueda","status":"publish","type":"page","link":"https:\/\/gastronomia-aragonesa.com\/fr\/routes\/aragon-et-rueda\/","title":{"rendered":"Arag\u00f3n et Rueda"},"content":{"rendered":"\t\t<div data-elementor-type=\"wp-post\" data-elementor-id=\"4232\" class=\"elementor elementor-4232 elementor-2712\" data-elementor-post-type=\"page\">\n\t\t\t\t\t\t<section class=\"elementor-section elementor-top-section elementor-element elementor-element-761e22d0 elementor-section-height-min-height elementor-section-items-top elementor-section-stretched elementor-section-boxed elementor-section-height-default\" data-id=\"761e22d0\" data-element_type=\"section\" data-settings=\"{&quot;background_background&quot;:&quot;gradient&quot;,&quot;stretch_section&quot;:&quot;section-stretched&quot;}\">\n\t\t\t\t\t\t\t<div class=\"elementor-background-overlay\"><\/div>\n\t\t\t\t\t\t\t<div class=\"elementor-container elementor-column-gap-default\">\n\t\t\t\t\t<div class=\"elementor-column elementor-col-50 elementor-top-column elementor-element elementor-element-76404e9e\" data-id=\"76404e9e\" data-element_type=\"column\">\n\t\t\t<div class=\"elementor-widget-wrap elementor-element-populated\">\n\t\t\t\t\t\t<div class=\"elementor-element elementor-element-17d7d946 elementor-widget elementor-widget-heading\" data-id=\"17d7d946\" data-element_type=\"widget\" data-widget_type=\"heading.default\">\n\t\t\t\t<div class=\"elementor-widget-container\">\n\t\t\t\t\t<h1 class=\"elementor-heading-title elementor-size-default\">Arag\u00f3n et Rueda<\/h1>\t\t\t\t<\/div>\n\t\t\t\t<\/div>\n\t\t\t\t<div class=\"elementor-element elementor-element-aa719b4 elementor-widget elementor-widget-text-editor\" data-id=\"aa719b4\" data-element_type=\"widget\" data-widget_type=\"text-editor.default\">\n\t\t\t\t<div class=\"elementor-widget-container\">\n\t\t\t\t\t\t\t\t\t<p><strong>Ruda, un lieu inoubliable proche de l\u2019Ebro<\/strong><\/p>\n<p>Dans la commune de S\u00e1stago, sur les berges de la rivi\u00e8re Ebro, s\u00b4\u2019\u00e9l\u00e8ve un superbe ensemble de monuments du monast\u00e8re de Rueda, l\u2019un des plus grands exposants de l\u2019ordre Cistercien d\u2019Arag\u00f3n. Vous serez \u00e9blouis par l\u2019aust\u00e9rit\u00e9 de son \u00e9glise, son clo\u00eetre gotique, sa svelte tour mudej\u00e1r et la grande roue hydraulique de 18 m\u00e8tres de diam\u00e8tre qui donne son nom au monast\u00e8re.<\/p>\n\t\t\t\t\t\t\t\t<\/div>\n\t\t\t\t<\/div>\n\t\t\t\t<div class=\"elementor-element elementor-element-a264a8b elementor-widget elementor-widget-spacer\" data-id=\"a264a8b\" data-element_type=\"widget\" data-widget_type=\"spacer.default\">\n\t\t\t\t<div class=\"elementor-widget-container\">\n\t\t\t\t\t\t\t<div class=\"elementor-spacer\">\n\t\t\t<div class=\"elementor-spacer-inner\"><\/div>\n\t\t<\/div>\n\t\t\t\t\t\t<\/div>\n\t\t\t\t<\/div>\n\t\t\t\t\t<\/div>\n\t\t<\/div>\n\t\t\t\t<div class=\"elementor-column elementor-col-50 elementor-top-column elementor-element elementor-element-415809d4\" data-id=\"415809d4\" data-element_type=\"column\">\n\t\t\t<div class=\"elementor-widget-wrap elementor-element-populated\">\n\t\t\t\t\t\t<div class=\"elementor-element elementor-element-4b16dfea elementor-widget elementor-widget-spacer\" data-id=\"4b16dfea\" data-element_type=\"widget\" data-widget_type=\"spacer.default\">\n\t\t\t\t<div class=\"elementor-widget-container\">\n\t\t\t\t\t\t\t<div class=\"elementor-spacer\">\n\t\t\t<div class=\"elementor-spacer-inner\"><\/div>\n\t\t<\/div>\n\t\t\t\t\t\t<\/div>\n\t\t\t\t<\/div>\n\t\t\t\t\t<\/div>\n\t\t<\/div>\n\t\t\t\t\t<\/div>\n\t\t<\/section>\n\t\t\t\t<section class=\"elementor-section elementor-top-section elementor-element elementor-element-f862bc0 elementor-section-height-min-height elementor-reverse-mobile elementor-section-boxed elementor-section-height-default elementor-section-items-middle\" data-id=\"f862bc0\" data-element_type=\"section\" data-settings=\"{&quot;background_background&quot;:&quot;classic&quot;}\">\n\t\t\t\t\t\t\t<div class=\"elementor-background-overlay\"><\/div>\n\t\t\t\t\t\t\t<div class=\"elementor-container elementor-column-gap-default\">\n\t\t\t\t\t<div class=\"elementor-column elementor-col-50 elementor-top-column elementor-element elementor-element-55cafad0\" data-id=\"55cafad0\" data-element_type=\"column\" data-settings=\"{&quot;background_background&quot;:&quot;classic&quot;}\">\n\t\t\t<div class=\"elementor-widget-wrap elementor-element-populated\">\n\t\t\t\t\t\t<div class=\"elementor-element elementor-element-5241552d elementor-widget elementor-widget-heading\" data-id=\"5241552d\" data-element_type=\"widget\" data-widget_type=\"heading.default\">\n\t\t\t\t<div class=\"elementor-widget-container\">\n\t\t\t\t\t<h2 class=\"elementor-heading-title elementor-size-default\">Un peu d\u2019histoire<\/h2>\t\t\t\t<\/div>\n\t\t\t\t<\/div>\n\t\t\t\t<section class=\"elementor-section elementor-inner-section elementor-element elementor-element-116d2a00 elementor-section-boxed elementor-section-height-default elementor-section-height-default\" data-id=\"116d2a00\" data-element_type=\"section\">\n\t\t\t\t\t\t<div class=\"elementor-container elementor-column-gap-wider\">\n\t\t\t\t\t<div class=\"elementor-column elementor-col-100 elementor-inner-column elementor-element elementor-element-7c01e226\" data-id=\"7c01e226\" data-element_type=\"column\">\n\t\t\t<div class=\"elementor-widget-wrap elementor-element-populated\">\n\t\t\t\t\t\t<div class=\"elementor-element elementor-element-f57db9a elementor-widget elementor-widget-text-editor\" data-id=\"f57db9a\" data-element_type=\"widget\" data-widget_type=\"text-editor.default\">\n\t\t\t\t<div class=\"elementor-widget-container\">\n\t\t\t\t\t\t\t\t\t<p>La date de commencement des travaux du monast\u00e8re de Rueda se situe en l\u2019an 1202, m\u00eame si il est n\u00e9cessaire de remonter le temps pour trouver l\u2019origine de l\u2019ordre. L\u2019ordre de C\u00edster nait du fruit d\u2019un mouvement de r\u00e9novation monacale qui survint au XI\u00ba si\u00e8cle et qui d\u00e9bouchera sur une forte r\u00e9percutions religieuse et artistique, en cherchant \u00e0 revitaliser l\u2019esprit de la r\u00e8gle de San Benito, le travaille et l\u2019oraison, Ora y Labora.<\/p>\n<p>Le monast\u00e8re de Rueda est la culmination d\u2019un p\u00e9riple commenc\u00e9 en 1152, quand se fonda l\u2019abbaye de Nuestra Se\u00f1ora de Saltz par des moines venus de Gimont. Une d\u00e9cennie apr\u00e8s se fondera l\u2019abbaye de Juncer\u00eda instaurant Rueda comme une grange Satelite de celle-ci.<\/p>\n<p>Alfonso II c\u00e8de aux moines Cisterciens la ville et le ch\u00e2teau de escatr\u00f3n en 1182. En 1238, l\u2019\u00e9glise est consacr\u00e9e, mais ce n\u2019est qu\u2019\u00e0 la fin du XIV\u00ba si\u00e8cle que se conclut la fabrique m\u00e9di\u00e9vale du monast\u00e8re, terminant les phases finales du temple et une s\u00e9rie de d\u00e9pendances particuli\u00e8res du C\u00edster\u00a0: zone de convertis, hacienda agricole et artisanale, palais de l\u2019abbaye\u2026 ces espaces souffriront une profonde reconversion pendant les si\u00e8cles suivants (XVI-XVII\u00ba si\u00e8cles) pour culminer avec l\u2019actuel r\u00e9partition autour de la spectaculaire place de San Pedro, soulignant pour sa qualit\u00e9 et valeur visuelle la galerie forg\u00e9e qui unie le palais de l\u2019abbaye avec l\u2019\u0153uvre m\u00e9di\u00e9vale. L\u2019une des caract\u00e9ristiques essentielle de l\u2019ensemble monastique est constitu\u00e9e par le r\u00e9seau hydraulique, d\u00e9velopp\u00e9 possiblement d\u00e9s ses d\u00e9buts. Situ\u00e9 sur les berges de la rivi\u00e8re Ebro, le seuil et la grande roue permettent d\u2019amener l\u2019eau au monast\u00e8re, qui se r\u00e9partissait par des canaux dans tout l\u2019ensemble architectural, cl\u00e9 du fonctionnement de l\u2019irrigation agricole, ainsi que pour la quotidien vitae des moines.<\/p>\n<p>Avec l\u2019amortissement de Mendiz\u00e1bal en 1836, commence la fin religieuse de l\u2019ensemble, le rel\u00e9guant \u00e0 un immeuble aux fonctions agricoles et d\u2019\u00e9levage. Finalement, en 1998 la possession passe \u00e0 la Diputation G\u00e9n\u00e9rale d\u2019Arag\u00f3n.<\/p>\n\t\t\t\t\t\t\t\t<\/div>\n\t\t\t\t<\/div>\n\t\t\t\t\t<\/div>\n\t\t<\/div>\n\t\t\t\t\t<\/div>\n\t\t<\/section>\n\t\t\t\t<div class=\"elementor-element elementor-element-12a86dd7 elementor-widget elementor-widget-heading\" data-id=\"12a86dd7\" data-element_type=\"widget\" data-widget_type=\"heading.default\">\n\t\t\t\t<div class=\"elementor-widget-container\">\n\t\t\t\t\t<h2 class=\"elementor-heading-title elementor-size-default\">Visites guid\u00e9es<\/h2>\t\t\t\t<\/div>\n\t\t\t\t<\/div>\n\t\t\t\t<div class=\"elementor-element elementor-element-7d97ae98 elementor-widget elementor-widget-image\" data-id=\"7d97ae98\" data-element_type=\"widget\" data-widget_type=\"image.default\">\n\t\t\t\t<div class=\"elementor-widget-container\">\n\t\t\t\t\t\t\t\t\t\t\t\t\t\t\t<img fetchpriority=\"high\" decoding=\"async\" width=\"1024\" height=\"779\" src=\"https:\/\/gastronomia-aragonesa.com\/wp-content\/uploads\/2018\/07\/ruta-monasterio-de-rueda-1024x779.jpg\" class=\"attachment-large size-large wp-image-4238\" alt=\"Ruta Monasterio De Rueda\" srcset=\"https:\/\/gastronomia-aragonesa.com\/wp-content\/uploads\/2018\/07\/ruta-monasterio-de-rueda-1024x779.jpg 1024w, https:\/\/gastronomia-aragonesa.com\/wp-content\/uploads\/2018\/07\/ruta-monasterio-de-rueda-300x228.jpg 300w, https:\/\/gastronomia-aragonesa.com\/wp-content\/uploads\/2018\/07\/ruta-monasterio-de-rueda-768x584.jpg 768w, https:\/\/gastronomia-aragonesa.com\/wp-content\/uploads\/2018\/07\/ruta-monasterio-de-rueda.jpg 1200w\" sizes=\"(max-width: 1024px) 100vw, 1024px\" \/>\t\t\t\t\t\t\t\t\t\t\t\t\t\t\t<\/div>\n\t\t\t\t<\/div>\n\t\t\t\t<section class=\"elementor-section elementor-inner-section elementor-element elementor-element-e61a723 elementor-section-boxed elementor-section-height-default elementor-section-height-default\" data-id=\"e61a723\" data-element_type=\"section\">\n\t\t\t\t\t\t<div class=\"elementor-container elementor-column-gap-wider\">\n\t\t\t\t\t<div class=\"elementor-column elementor-col-100 elementor-inner-column elementor-element elementor-element-22bd2151\" data-id=\"22bd2151\" data-element_type=\"column\">\n\t\t\t<div class=\"elementor-widget-wrap elementor-element-populated\">\n\t\t\t\t\t\t<div class=\"elementor-element elementor-element-58d624a5 elementor-widget elementor-widget-text-editor\" data-id=\"58d624a5\" data-element_type=\"widget\" data-widget_type=\"text-editor.default\">\n\t\t\t\t<div class=\"elementor-widget-container\">\n\t\t\t\t\t\t\t\t\t<p>Vous pouvez conna\u00eetre le monast\u00e8re par les <a href=\"https:\/\/www.turismodearagon.com\/agenda-aragon\/visitas-guiadas-al-monasterio-de-rueda\/\">visites guid\u00e9es g\u00e9r\u00e9es par Tourisme d\u2019Arag\u00f3n<\/a>, une visite qui vous guidera dans toutes les chambres du monast\u00e8re dans un saisissant et surprenant parcours \u00e0 travers l\u2019histoire. On propose un parcours par le clo\u00eetre pour profiter des chapiteaux, de la salle capitulaire, du sur clo\u00eetre et de la tour mud\u00e9jar, le puit et la citerne qui recueillait l\u2019eau de pluie. Vous rentrerez dans la vie monacale \u00e0 travers des dortoirs, des oubliettes, du scriptorium, du r\u00e9fectoire et de la cilla.<\/p><p>Vous pourrez choisir entre la visite de 90 minutes et celle de 45. Nous vous recommandons de consulter les horaires de chacune d\u2019entre elles avant de faire la r\u00e9servation.<\/p><p>Jours d\u2019ouverture en 2019 :<\/p><ul><li>Vendredi, samedi, dimanche, festifs en Arag\u00f3n, 29 janvier et 5 mars.<\/li><li>Juillet et ao\u00fbt tous les jours<\/li><\/ul><p>Tarif : 5 \u20ac (gratuit pour les moins de 6 ans)<\/p><p>Contact pour la r\u00e9servation (lundi \u00e0 vendredi de 9h \u00e0 15h)<\/p><ul><li>974 35 51 19 \/ <a href=\"mailto:visitasrueda@aragon.es\">visitasrueda@aragon.es<\/a>.<\/li><\/ul>\t\t\t\t\t\t\t\t<\/div>\n\t\t\t\t<\/div>\n\t\t\t\t\t<\/div>\n\t\t<\/div>\n\t\t\t\t\t<\/div>\n\t\t<\/section>\n\t\t\t\t<div class=\"elementor-element elementor-element-3139edf8 elementor-widget elementor-widget-heading\" data-id=\"3139edf8\" data-element_type=\"widget\" data-widget_type=\"heading.default\">\n\t\t\t\t<div class=\"elementor-widget-container\">\n\t\t\t\t\t<h2 class=\"elementor-heading-title elementor-size-default\">Comment y arriver<\/h2>\t\t\t\t<\/div>\n\t\t\t\t<\/div>\n\t\t\t\t<section class=\"elementor-section elementor-inner-section elementor-element elementor-element-6fe364e5 elementor-section-boxed elementor-section-height-default elementor-section-height-default\" data-id=\"6fe364e5\" data-element_type=\"section\">\n\t\t\t\t\t\t<div class=\"elementor-container elementor-column-gap-wider\">\n\t\t\t\t\t<div class=\"elementor-column elementor-col-100 elementor-inner-column elementor-element elementor-element-38771c7b\" data-id=\"38771c7b\" data-element_type=\"column\">\n\t\t\t<div class=\"elementor-widget-wrap elementor-element-populated\">\n\t\t\t\t\t\t<div class=\"elementor-element elementor-element-76a5947f elementor-widget elementor-widget-image\" data-id=\"76a5947f\" data-element_type=\"widget\" data-widget_type=\"image.default\">\n\t\t\t\t<div class=\"elementor-widget-container\">\n\t\t\t\t\t\t\t\t\t\t\t\t\t\t\t<img decoding=\"async\" width=\"1024\" height=\"753\" src=\"https:\/\/gastronomia-aragonesa.com\/wp-content\/uploads\/2018\/07\/monasteri-de-rueda-001-RUEDA@-1024x753.jpg\" class=\"attachment-large size-large wp-image-4240\" alt=\"Monasteri De Rueda 001 RUEDA@\" srcset=\"https:\/\/gastronomia-aragonesa.com\/wp-content\/uploads\/2018\/07\/monasteri-de-rueda-001-RUEDA@-1024x753.jpg 1024w, https:\/\/gastronomia-aragonesa.com\/wp-content\/uploads\/2018\/07\/monasteri-de-rueda-001-RUEDA@-300x221.jpg 300w, https:\/\/gastronomia-aragonesa.com\/wp-content\/uploads\/2018\/07\/monasteri-de-rueda-001-RUEDA@-768x565.jpg 768w, https:\/\/gastronomia-aragonesa.com\/wp-content\/uploads\/2018\/07\/monasteri-de-rueda-001-RUEDA@.jpg 1200w\" sizes=\"(max-width: 1024px) 100vw, 1024px\" \/>\t\t\t\t\t\t\t\t\t\t\t\t\t\t\t<\/div>\n\t\t\t\t<\/div>\n\t\t\t\t<div class=\"elementor-element elementor-element-55465b8d elementor-widget elementor-widget-text-editor\" data-id=\"55465b8d\" data-element_type=\"widget\" data-widget_type=\"text-editor.default\">\n\t\t\t\t<div class=\"elementor-widget-container\">\n\t\t\t\t\t\t\t\t\t<p>La principale voie d\u2019acc\u00e8s au monast\u00e8re depuis Saragosse est la N-232 en direction de Castell\u00f3n. Parall\u00e8lement au cours de la rivi\u00e8re Ebro, nous traversons Fuentes de Ebro et nous arrivons jusqu\u2019\u00e0 Quinto, o\u00f9 nous prenons la route A-221 qui passe par la Zaida et conduit finalement jusqu\u2019\u00e0 S\u00e1stago. Sur le domaine municipal, mais en dehors du centre urbain se dresse le monast\u00e8re. Au total, soixante-quatorze kilom\u00e8tres qui peuvent se faire facilement en une heure de trajet.<\/p>\n<p>Une autre route alternative consiste \u00e0 passer par l\u2019autoroute A-2 en direction de Barcelone, en prenant la sortie de Bujaraloz pour \u00e0 posteriori, prendre la A-2015 qui d\u00e9bouche sur S\u00e1stago.<\/p>\n<p><strong>\u00a0<\/strong><\/p>\n\t\t\t\t\t\t\t\t<\/div>\n\t\t\t\t<\/div>\n\t\t\t\t\t<\/div>\n\t\t<\/div>\n\t\t\t\t\t<\/div>\n\t\t<\/section>\n\t\t\t\t<div class=\"elementor-element elementor-element-2eb316e0 elementor-widget elementor-widget-heading\" data-id=\"2eb316e0\" data-element_type=\"widget\" data-widget_type=\"heading.default\">\n\t\t\t\t<div class=\"elementor-widget-container\">\n\t\t\t\t\t<h2 class=\"elementor-heading-title elementor-size-default\">L\u2019environnement<\/h2>\t\t\t\t<\/div>\n\t\t\t\t<\/div>\n\t\t\t\t<section class=\"elementor-section elementor-inner-section elementor-element elementor-element-4af9c561 elementor-section-boxed elementor-section-height-default elementor-section-height-default\" data-id=\"4af9c561\" data-element_type=\"section\">\n\t\t\t\t\t\t<div class=\"elementor-container elementor-column-gap-wider\">\n\t\t\t\t\t<div class=\"elementor-column elementor-col-100 elementor-inner-column elementor-element elementor-element-983497a\" data-id=\"983497a\" data-element_type=\"column\">\n\t\t\t<div class=\"elementor-widget-wrap elementor-element-populated\">\n\t\t\t\t\t\t<div class=\"elementor-element elementor-element-41f07e5a elementor-widget elementor-widget-image\" data-id=\"41f07e5a\" data-element_type=\"widget\" data-widget_type=\"image.default\">\n\t\t\t\t<div class=\"elementor-widget-container\">\n\t\t\t\t\t\t\t\t\t\t\t\t\t\t\t<img decoding=\"async\" width=\"1024\" height=\"768\" src=\"https:\/\/gastronomia-aragonesa.com\/wp-content\/uploads\/2018\/07\/ConjuntoNorialRueda-1024x768.jpg\" class=\"attachment-large size-large wp-image-4242\" alt=\"ConjuntoNorialRueda\" srcset=\"https:\/\/gastronomia-aragonesa.com\/wp-content\/uploads\/2018\/07\/ConjuntoNorialRueda-1024x768.jpg 1024w, https:\/\/gastronomia-aragonesa.com\/wp-content\/uploads\/2018\/07\/ConjuntoNorialRueda-300x225.jpg 300w, https:\/\/gastronomia-aragonesa.com\/wp-content\/uploads\/2018\/07\/ConjuntoNorialRueda-768x576.jpg 768w, https:\/\/gastronomia-aragonesa.com\/wp-content\/uploads\/2018\/07\/ConjuntoNorialRueda.jpg 1200w\" sizes=\"(max-width: 1024px) 100vw, 1024px\" \/>\t\t\t\t\t\t\t\t\t\t\t\t\t\t\t<\/div>\n\t\t\t\t<\/div>\n\t\t\t\t<div class=\"elementor-element elementor-element-9a1bb8d elementor-widget elementor-widget-text-editor\" data-id=\"9a1bb8d\" data-element_type=\"widget\" data-widget_type=\"text-editor.default\">\n\t\t\t\t<div class=\"elementor-widget-container\">\n\t\t\t\t\t\t\t\t\t<p>Les romains c\u2019\u00e9taient d\u00e9j\u00e0 rendu compte de la richesse et de l\u2019attrait de ces terres, car il construisirent icila premi\u00e8re ville de la vall\u00e9e de l\u2019Ebro\u00a0: <strong>la colonie Celsa<\/strong>. \u00c0 velilla de Ebro, vous pouvez vous promener entre les vestiges de cette ancienne ville romaine. Pas tr\u00e8s loin, \u00e0 Azaila, vous trouverez les gisements les plus importants d\u2019Arag\u00f3n, la ville Ib\u00e8re de <strong>cabezo de Alcal\u00e1.<\/strong> Parcourir ses rues pav\u00e9es et visiter le centre d\u2019interpr\u00e9tation te permettra de conna\u00eetre l\u2019histoire des peuples pr\u00e9romains et le ph\u00e9nom\u00e8ne de la romanisation en Hispanie.<\/p>\n<p>Si vous \u00eates fan de randonn\u00e9e, vous profiterez en parcourant le Chemin Naturel de l\u2019Ebro (GR99), un sentier de parcours long qui suit les berges de l\u2019Ebro entre bois, m\u00e9andres et la<\/p>\n\t\t\t\t\t\t\t\t<\/div>\n\t\t\t\t<\/div>\n\t\t\t\t\t<\/div>\n\t\t<\/div>\n\t\t\t\t\t<\/div>\n\t\t<\/section>\n\t\t\t\t\t<\/div>\n\t\t<\/div>\n\t\t\t\t<div class=\"elementor-column elementor-col-50 elementor-top-column elementor-element elementor-element-1600161a\" data-id=\"1600161a\" data-element_type=\"column\" data-settings=\"{&quot;background_background&quot;:&quot;classic&quot;}\">\n\t\t\t<div class=\"elementor-widget-wrap elementor-element-populated\">\n\t\t\t\t\t\t<div class=\"elementor-element elementor-element-5ab57d6c elementor-widget elementor-widget-image\" data-id=\"5ab57d6c\" data-element_type=\"widget\" data-widget_type=\"image.default\">\n\t\t\t\t<div class=\"elementor-widget-container\">\n\t\t\t\t\t\t\t\t\t\t\t\t\t\t\t<img loading=\"lazy\" decoding=\"async\" width=\"525\" height=\"741\" src=\"https:\/\/gastronomia-aragonesa.com\/wp-content\/uploads\/2018\/07\/ruta-monasterio-de-rueda.gif\" class=\"attachment-full size-full wp-image-4244\" alt=\"Ruta Monasterio De Rueda\" \/>\t\t\t\t\t\t\t\t\t\t\t\t\t\t\t<\/div>\n\t\t\t\t<\/div>\n\t\t\t\t<div class=\"elementor-element elementor-element-4dc8dbe2 elementor-widget elementor-widget-heading\" data-id=\"4dc8dbe2\" data-element_type=\"widget\" data-widget_type=\"heading.default\">\n\t\t\t\t<div class=\"elementor-widget-container\">\n\t\t\t\t\t<h2 class=\"elementor-heading-title elementor-size-default\">Menu routes<\/h2>\t\t\t\t<\/div>\n\t\t\t\t<\/div>\n\t\t\t\t<section class=\"elementor-section elementor-inner-section elementor-element elementor-element-18517e8 elementor-section-boxed elementor-section-height-default elementor-section-height-default\" data-id=\"18517e8\" data-element_type=\"section\">\n\t\t\t\t\t\t<div class=\"elementor-container elementor-column-gap-no\">\n\t\t\t\t\t<div class=\"elementor-column elementor-col-100 elementor-inner-column elementor-element elementor-element-7e84f043\" data-id=\"7e84f043\" data-element_type=\"column\">\n\t\t\t<div class=\"elementor-widget-wrap elementor-element-populated\">\n\t\t\t\t\t\t<div class=\"elementor-element elementor-element-3dd7bf95 elementor-nav-menu__align-justify elementor-nav-menu__text-align-center elementor-nav-menu--dropdown-tablet elementor-nav-menu--toggle elementor-nav-menu--burger elementor-widget elementor-widget-nav-menu\" data-id=\"3dd7bf95\" data-element_type=\"widget\" data-settings=\"{&quot;layout&quot;:&quot;vertical&quot;,&quot;submenu_icon&quot;:{&quot;value&quot;:&quot;&lt;i class=\\&quot;fas fa-caret-down\\&quot; aria-hidden=\\&quot;true\\&quot;&gt;&lt;\\\/i&gt;&quot;,&quot;library&quot;:&quot;fa-solid&quot;},&quot;toggle&quot;:&quot;burger&quot;}\" data-widget_type=\"nav-menu.default\">\n\t\t\t\t<div class=\"elementor-widget-container\">\n\t\t\t\t\t\t\t\t<nav aria-label=\"Menu\" class=\"elementor-nav-menu--main elementor-nav-menu__container elementor-nav-menu--layout-vertical e--pointer-background e--animation-fade\">\n\t\t\t\t<ul id=\"menu-1-3dd7bf95\" class=\"elementor-nav-menu sm-vertical\"><li class=\"menu-item menu-item-type-post_type menu-item-object-page menu-item-4047\"><a href=\"https:\/\/gastronomia-aragonesa.com\/fr\/routes\/aragon-par-les-cinq-sens\/\" class=\"elementor-item\">Aragon par les cinq sens<\/a><\/li>\n<li class=\"menu-item menu-item-type-post_type menu-item-object-page menu-item-4048\"><a href=\"https:\/\/gastronomia-aragonesa.com\/fr\/routes\/promenade-dans-le-somontano-de-moncayo\/\" class=\"elementor-item\">Promenade dans le Somontano de Moncayo<\/a><\/li>\n<li class=\"menu-item menu-item-type-post_type menu-item-object-page menu-item-4049\"><a href=\"https:\/\/gastronomia-aragonesa.com\/fr\/routes\/lenvironnement-naturel-qui-entoure-calatayud\/\" class=\"elementor-item\">L\u2019environnement naturel qui entoure calatayud<\/a><\/li>\n<li class=\"menu-item menu-item-type-post_type menu-item-object-page menu-item-4050\"><a href=\"https:\/\/gastronomia-aragonesa.com\/fr\/routes\/voyager-a-travers-lhistoire\/\" class=\"elementor-item\">Voyager \u00e0 travers l\u2019histoire<\/a><\/li>\n<li class=\"menu-item menu-item-type-post_type menu-item-object-page menu-item-4051\"><a href=\"https:\/\/gastronomia-aragonesa.com\/fr\/routes\/le-suggestif-val-du-tena\/\" class=\"elementor-item\">Le sugg\u00e9stif val du tena<\/a><\/li>\n<li class=\"menu-item menu-item-type-post_type menu-item-object-page menu-item-4052\"><a href=\"https:\/\/gastronomia-aragonesa.com\/fr\/routes\/graus-et-albarracin\/\" class=\"elementor-item\">Graus et Albarrac\u00edn<\/a><\/li>\n<li class=\"menu-item menu-item-type-post_type menu-item-object-page menu-item-4053\"><a href=\"https:\/\/gastronomia-aragonesa.com\/fr\/routes\/a-la-croisee-des-chemins\/\" class=\"elementor-item\">A la crois\u00e9e des chemins<\/a><\/li>\n<li class=\"menu-item menu-item-type-post_type menu-item-object-page menu-item-4177\"><a href=\"https:\/\/gastronomia-aragonesa.com\/fr\/routes\/el-campo-de-borja\/\" class=\"elementor-item\">El Campo de Borja<\/a><\/li>\n<li class=\"menu-item menu-item-type-post_type menu-item-object-page menu-item-4178\"><a href=\"https:\/\/gastronomia-aragonesa.com\/fr\/routes\/chateaux-daragon\/\" class=\"elementor-item\">Ch\u00e2teaux d\u2019Arag\u00f3n<\/a><\/li>\n<li class=\"menu-item menu-item-type-post_type menu-item-object-page menu-item-4179\"><a href=\"https:\/\/gastronomia-aragonesa.com\/fr\/routes\/gudar-javalambre\/\" class=\"elementor-item\">G\u00fadar-Javalambre<\/a><\/li>\n<li class=\"menu-item menu-item-type-post_type menu-item-object-page menu-item-4202\"><a href=\"https:\/\/gastronomia-aragonesa.com\/fr\/routes\/la-hoya-de-huesca\/\" class=\"elementor-item\">La Hoya de Huesca<\/a><\/li>\n<li class=\"menu-item menu-item-type-post_type menu-item-object-page menu-item-4229\"><a href=\"https:\/\/gastronomia-aragonesa.com\/fr\/routes\/aragon-neige\/\" class=\"elementor-item\">Arag\u00f3n = neige<\/a><\/li>\n<li class=\"menu-item menu-item-type-post_type menu-item-object-page menu-item-4304\"><a href=\"https:\/\/gastronomia-aragonesa.com\/fr\/routes\/aragon-et-rueda\/\" class=\"elementor-item\">Arag\u00f3n et Rueda<\/a><\/li>\n<li class=\"menu-item menu-item-type-post_type menu-item-object-page menu-item-4263\"><a href=\"https:\/\/gastronomia-aragonesa.com\/fr\/routes\/teruel-eblouissante\/\" class=\"elementor-item\">Teruel \u00e9blouissante<\/a><\/li>\n<li class=\"menu-item menu-item-type-post_type menu-item-object-page menu-item-4299\"><a href=\"https:\/\/gastronomia-aragonesa.com\/fr\/routes\/15-la-vallee-daragon\/\" class=\"elementor-item\">La Vall\u00e9e D\u2019arag\u00f3n<\/a><\/li>\n<\/ul>\t\t\t<\/nav>\n\t\t\t\t\t<div class=\"elementor-menu-toggle\" role=\"button\" tabindex=\"0\" aria-label=\"Permuter le menu\" aria-expanded=\"false\">\n\t\t\t<i aria-hidden=\"true\" role=\"presentation\" class=\"elementor-menu-toggle__icon--open eicon-menu-bar\"><\/i><i aria-hidden=\"true\" role=\"presentation\" class=\"elementor-menu-toggle__icon--close eicon-close\"><\/i>\t\t<\/div>\n\t\t\t\t\t<nav class=\"elementor-nav-menu--dropdown elementor-nav-menu__container\" aria-hidden=\"true\">\n\t\t\t\t<ul id=\"menu-2-3dd7bf95\" class=\"elementor-nav-menu sm-vertical\"><li class=\"menu-item menu-item-type-post_type menu-item-object-page menu-item-4047\"><a href=\"https:\/\/gastronomia-aragonesa.com\/fr\/routes\/aragon-par-les-cinq-sens\/\" class=\"elementor-item\" tabindex=\"-1\">Aragon par les cinq sens<\/a><\/li>\n<li class=\"menu-item menu-item-type-post_type menu-item-object-page menu-item-4048\"><a href=\"https:\/\/gastronomia-aragonesa.com\/fr\/routes\/promenade-dans-le-somontano-de-moncayo\/\" class=\"elementor-item\" tabindex=\"-1\">Promenade dans le Somontano de Moncayo<\/a><\/li>\n<li class=\"menu-item menu-item-type-post_type menu-item-object-page menu-item-4049\"><a href=\"https:\/\/gastronomia-aragonesa.com\/fr\/routes\/lenvironnement-naturel-qui-entoure-calatayud\/\" class=\"elementor-item\" tabindex=\"-1\">L\u2019environnement naturel qui entoure calatayud<\/a><\/li>\n<li class=\"menu-item menu-item-type-post_type menu-item-object-page menu-item-4050\"><a href=\"https:\/\/gastronomia-aragonesa.com\/fr\/routes\/voyager-a-travers-lhistoire\/\" class=\"elementor-item\" tabindex=\"-1\">Voyager \u00e0 travers l\u2019histoire<\/a><\/li>\n<li class=\"menu-item menu-item-type-post_type menu-item-object-page menu-item-4051\"><a href=\"https:\/\/gastronomia-aragonesa.com\/fr\/routes\/le-suggestif-val-du-tena\/\" class=\"elementor-item\" tabindex=\"-1\">Le sugg\u00e9stif val du tena<\/a><\/li>\n<li class=\"menu-item menu-item-type-post_type menu-item-object-page menu-item-4052\"><a href=\"https:\/\/gastronomia-aragonesa.com\/fr\/routes\/graus-et-albarracin\/\" class=\"elementor-item\" tabindex=\"-1\">Graus et Albarrac\u00edn<\/a><\/li>\n<li class=\"menu-item menu-item-type-post_type menu-item-object-page menu-item-4053\"><a href=\"https:\/\/gastronomia-aragonesa.com\/fr\/routes\/a-la-croisee-des-chemins\/\" class=\"elementor-item\" tabindex=\"-1\">A la crois\u00e9e des chemins<\/a><\/li>\n<li class=\"menu-item menu-item-type-post_type menu-item-object-page menu-item-4177\"><a href=\"https:\/\/gastronomia-aragonesa.com\/fr\/routes\/el-campo-de-borja\/\" class=\"elementor-item\" tabindex=\"-1\">El Campo de Borja<\/a><\/li>\n<li class=\"menu-item menu-item-type-post_type menu-item-object-page menu-item-4178\"><a href=\"https:\/\/gastronomia-aragonesa.com\/fr\/routes\/chateaux-daragon\/\" class=\"elementor-item\" tabindex=\"-1\">Ch\u00e2teaux d\u2019Arag\u00f3n<\/a><\/li>\n<li class=\"menu-item menu-item-type-post_type menu-item-object-page menu-item-4179\"><a href=\"https:\/\/gastronomia-aragonesa.com\/fr\/routes\/gudar-javalambre\/\" class=\"elementor-item\" tabindex=\"-1\">G\u00fadar-Javalambre<\/a><\/li>\n<li class=\"menu-item menu-item-type-post_type menu-item-object-page menu-item-4202\"><a href=\"https:\/\/gastronomia-aragonesa.com\/fr\/routes\/la-hoya-de-huesca\/\" class=\"elementor-item\" tabindex=\"-1\">La Hoya de Huesca<\/a><\/li>\n<li class=\"menu-item menu-item-type-post_type menu-item-object-page menu-item-4229\"><a href=\"https:\/\/gastronomia-aragonesa.com\/fr\/routes\/aragon-neige\/\" class=\"elementor-item\" tabindex=\"-1\">Arag\u00f3n = neige<\/a><\/li>\n<li class=\"menu-item menu-item-type-post_type menu-item-object-page menu-item-4304\"><a href=\"https:\/\/gastronomia-aragonesa.com\/fr\/routes\/aragon-et-rueda\/\" class=\"elementor-item\" tabindex=\"-1\">Arag\u00f3n et Rueda<\/a><\/li>\n<li class=\"menu-item menu-item-type-post_type menu-item-object-page menu-item-4263\"><a href=\"https:\/\/gastronomia-aragonesa.com\/fr\/routes\/teruel-eblouissante\/\" class=\"elementor-item\" tabindex=\"-1\">Teruel \u00e9blouissante<\/a><\/li>\n<li class=\"menu-item menu-item-type-post_type menu-item-object-page menu-item-4299\"><a href=\"https:\/\/gastronomia-aragonesa.com\/fr\/routes\/15-la-vallee-daragon\/\" class=\"elementor-item\" tabindex=\"-1\">La Vall\u00e9e D\u2019arag\u00f3n<\/a><\/li>\n<\/ul>\t\t\t<\/nav>\n\t\t\t\t\t\t<\/div>\n\t\t\t\t<\/div>\n\t\t\t\t\t<\/div>\n\t\t<\/div>\n\t\t\t\t\t<\/div>\n\t\t<\/section>\n\t\t\t\t\t<\/div>\n\t\t<\/div>\n\t\t\t\t\t<\/div>\n\t\t<\/section>\n\t\t\t\t<\/div>\n\t\t","protected":false},"excerpt":{"rendered":"<p>Arag\u00f3n et Rueda Ruda, un lieu inoubliable proche de l\u2019Ebro Dans la commune de S\u00e1stago, sur les berges de la rivi\u00e8re Ebro, s\u00b4\u2019\u00e9l\u00e8ve un superbe ensemble de monuments du monast\u00e8re de Rueda, l\u2019un des plus grands exposants de l\u2019ordre Cistercien d\u2019Arag\u00f3n. Vous serez \u00e9blouis par l\u2019aust\u00e9rit\u00e9 de son \u00e9glise, son clo\u00eetre gotique, sa svelte tour &#8230; <a title=\"Arag\u00f3n et Rueda\" class=\"read-more\" href=\"https:\/\/gastronomia-aragonesa.com\/fr\/routes\/aragon-et-rueda\/\" aria-label=\"En savoir plus sur Arag\u00f3n et Rueda\">Lire la suite<\/a><\/p>\n","protected":false},"author":2,"featured_media":0,"parent":3827,"menu_order":13,"comment_status":"closed","ping_status":"closed","template":"elementor_header_footer","meta":{"_acf_changed":false,"generate_page_header":"","footnotes":""},"class_list":["post-4232","page","type-page","status-publish"],"acf":[],"yoast_head":"<!-- This site is optimized with the Yoast SEO plugin v26.6 - https:\/\/yoast.com\/wordpress\/plugins\/seo\/ -->\n<title>Arag\u00f3n et Rueda - Gastronom\u00eda Aragonesa<\/title>\n<meta name=\"description\" content=\"Arag\u00f3n et Rueda Ruda, un lieu inoubliable proche de l\u2019Ebro Dans la commune de S\u00e1stago, sur les berges de la rivi\u00e8re Ebro, s\u00b4\u2019\u00e9l\u00e8ve un superbe ensemble de\" \/>\n<meta name=\"robots\" content=\"index, follow, max-snippet:-1, max-image-preview:large, max-video-preview:-1\" \/>\n<link rel=\"canonical\" href=\"https:\/\/gastronomia-aragonesa.com\/fr\/routes\/aragon-et-rueda\/\" \/>\n<meta property=\"og:locale\" content=\"fr_FR\" \/>\n<meta property=\"og:type\" content=\"article\" \/>\n<meta property=\"og:title\" content=\"Arag\u00f3n et Rueda - Gastronom\u00eda Aragonesa\" \/>\n<meta property=\"og:description\" content=\"Arag\u00f3n et Rueda Ruda, un lieu inoubliable proche de l\u2019Ebro Dans la commune de S\u00e1stago, sur les berges de la rivi\u00e8re Ebro, s\u00b4\u2019\u00e9l\u00e8ve un superbe ensemble de\" \/>\n<meta property=\"og:url\" content=\"https:\/\/gastronomia-aragonesa.com\/fr\/routes\/aragon-et-rueda\/\" \/>\n<meta property=\"og:site_name\" content=\"Gastronom\u00eda Aragonesa\" \/>\n<meta property=\"article:modified_time\" content=\"2019-04-05T07:47:56+00:00\" \/>\n<meta property=\"og:image\" content=\"https:\/\/gastronomia-aragonesa.com\/wp-content\/uploads\/2018\/07\/ruta-monasterio-de-rueda-1024x779.jpg\" \/>\n<meta name=\"twitter:card\" content=\"summary_large_image\" \/>\n<meta name=\"twitter:label1\" content=\"Dur\u00e9e de lecture estim\u00e9e\" \/>\n\t<meta name=\"twitter:data1\" content=\"5 minutes\" \/>\n<script type=\"application\/ld+json\" class=\"yoast-schema-graph\">{\"@context\":\"https:\/\/schema.org\",\"@graph\":[{\"@type\":\"WebPage\",\"@id\":\"https:\/\/gastronomia-aragonesa.com\/fr\/routes\/aragon-et-rueda\/\",\"url\":\"https:\/\/gastronomia-aragonesa.com\/fr\/routes\/aragon-et-rueda\/\",\"name\":\"Arag\u00f3n et Rueda - Gastronom\u00eda Aragonesa\",\"isPartOf\":{\"@id\":\"https:\/\/gastronomia-aragonesa.com\/#website\"},\"primaryImageOfPage\":{\"@id\":\"https:\/\/gastronomia-aragonesa.com\/fr\/routes\/aragon-et-rueda\/#primaryimage\"},\"image\":{\"@id\":\"https:\/\/gastronomia-aragonesa.com\/fr\/routes\/aragon-et-rueda\/#primaryimage\"},\"thumbnailUrl\":\"https:\/\/gastronomia-aragonesa.com\/wp-content\/uploads\/2018\/07\/ruta-monasterio-de-rueda-1024x779.jpg\",\"datePublished\":\"2018-11-30T18:05:37+00:00\",\"dateModified\":\"2019-04-05T07:47:56+00:00\",\"description\":\"Arag\u00f3n et Rueda Ruda, un lieu inoubliable proche de l\u2019Ebro Dans la commune de S\u00e1stago, sur les berges de la rivi\u00e8re Ebro, s\u00b4\u2019\u00e9l\u00e8ve un superbe ensemble de\",\"breadcrumb\":{\"@id\":\"https:\/\/gastronomia-aragonesa.com\/fr\/routes\/aragon-et-rueda\/#breadcrumb\"},\"inLanguage\":\"fr-FR\",\"potentialAction\":[{\"@type\":\"ReadAction\",\"target\":[\"https:\/\/gastronomia-aragonesa.com\/fr\/routes\/aragon-et-rueda\/\"]}]},{\"@type\":\"ImageObject\",\"inLanguage\":\"fr-FR\",\"@id\":\"https:\/\/gastronomia-aragonesa.com\/fr\/routes\/aragon-et-rueda\/#primaryimage\",\"url\":\"https:\/\/gastronomia-aragonesa.com\/wp-content\/uploads\/2018\/07\/ruta-monasterio-de-rueda-1024x779.jpg\",\"contentUrl\":\"https:\/\/gastronomia-aragonesa.com\/wp-content\/uploads\/2018\/07\/ruta-monasterio-de-rueda-1024x779.jpg\"},{\"@type\":\"BreadcrumbList\",\"@id\":\"https:\/\/gastronomia-aragonesa.com\/fr\/routes\/aragon-et-rueda\/#breadcrumb\",\"itemListElement\":[{\"@type\":\"ListItem\",\"position\":1,\"name\":\"Portada\",\"item\":\"https:\/\/gastronomia-aragonesa.com\/\"},{\"@type\":\"ListItem\",\"position\":2,\"name\":\"ROUTES\",\"item\":\"https:\/\/gastronomia-aragonesa.com\/fr\/routes\/\"},{\"@type\":\"ListItem\",\"position\":3,\"name\":\"Arag\u00f3n et Rueda\"}]},{\"@type\":\"WebSite\",\"@id\":\"https:\/\/gastronomia-aragonesa.com\/#website\",\"url\":\"https:\/\/gastronomia-aragonesa.com\/\",\"name\":\"Gastronom\u00eda Aragonesa\",\"description\":\"\",\"publisher\":{\"@id\":\"https:\/\/gastronomia-aragonesa.com\/#organization\"},\"potentialAction\":[{\"@type\":\"SearchAction\",\"target\":{\"@type\":\"EntryPoint\",\"urlTemplate\":\"https:\/\/gastronomia-aragonesa.com\/?s={search_term_string}\"},\"query-input\":{\"@type\":\"PropertyValueSpecification\",\"valueRequired\":true,\"valueName\":\"search_term_string\"}}],\"inLanguage\":\"fr-FR\"},{\"@type\":\"Organization\",\"@id\":\"https:\/\/gastronomia-aragonesa.com\/#organization\",\"name\":\"Gastronom\u00eda Aragonesa, Turismo de Arag\u00f3n\",\"url\":\"https:\/\/gastronomia-aragonesa.com\/\",\"logo\":{\"@type\":\"ImageObject\",\"inLanguage\":\"fr-FR\",\"@id\":\"https:\/\/gastronomia-aragonesa.com\/#\/schema\/logo\/image\/\",\"url\":\"https:\/\/gastronomia-aragonesa.com\/wp-content\/uploads\/2019\/04\/gastronomia-aragonesa-turismo-de-aragon-1.png\",\"contentUrl\":\"https:\/\/gastronomia-aragonesa.com\/wp-content\/uploads\/2019\/04\/gastronomia-aragonesa-turismo-de-aragon-1.png\",\"width\":260,\"height\":69,\"caption\":\"Gastronom\u00eda Aragonesa, Turismo de Arag\u00f3n\"},\"image\":{\"@id\":\"https:\/\/gastronomia-aragonesa.com\/#\/schema\/logo\/image\/\"}}]}<\/script>\n<!-- \/ Yoast SEO plugin. -->","yoast_head_json":{"title":"Arag\u00f3n et Rueda - Gastronom\u00eda Aragonesa","description":"Arag\u00f3n et Rueda Ruda, un lieu inoubliable proche de l\u2019Ebro Dans la commune de S\u00e1stago, sur les berges de la rivi\u00e8re Ebro, s\u00b4\u2019\u00e9l\u00e8ve un superbe ensemble de","robots":{"index":"index","follow":"follow","max-snippet":"max-snippet:-1","max-image-preview":"max-image-preview:large","max-video-preview":"max-video-preview:-1"},"canonical":"https:\/\/gastronomia-aragonesa.com\/fr\/routes\/aragon-et-rueda\/","og_locale":"fr_FR","og_type":"article","og_title":"Arag\u00f3n et Rueda - Gastronom\u00eda Aragonesa","og_description":"Arag\u00f3n et Rueda Ruda, un lieu inoubliable proche de l\u2019Ebro Dans la commune de S\u00e1stago, sur les berges de la rivi\u00e8re Ebro, s\u00b4\u2019\u00e9l\u00e8ve un superbe ensemble de","og_url":"https:\/\/gastronomia-aragonesa.com\/fr\/routes\/aragon-et-rueda\/","og_site_name":"Gastronom\u00eda Aragonesa","article_modified_time":"2019-04-05T07:47:56+00:00","og_image":[{"url":"https:\/\/gastronomia-aragonesa.com\/wp-content\/uploads\/2018\/07\/ruta-monasterio-de-rueda-1024x779.jpg","type":"","width":"","height":""}],"twitter_card":"summary_large_image","twitter_misc":{"Dur\u00e9e de lecture estim\u00e9e":"5 minutes"},"schema":{"@context":"https:\/\/schema.org","@graph":[{"@type":"WebPage","@id":"https:\/\/gastronomia-aragonesa.com\/fr\/routes\/aragon-et-rueda\/","url":"https:\/\/gastronomia-aragonesa.com\/fr\/routes\/aragon-et-rueda\/","name":"Arag\u00f3n et Rueda - Gastronom\u00eda Aragonesa","isPartOf":{"@id":"https:\/\/gastronomia-aragonesa.com\/#website"},"primaryImageOfPage":{"@id":"https:\/\/gastronomia-aragonesa.com\/fr\/routes\/aragon-et-rueda\/#primaryimage"},"image":{"@id":"https:\/\/gastronomia-aragonesa.com\/fr\/routes\/aragon-et-rueda\/#primaryimage"},"thumbnailUrl":"https:\/\/gastronomia-aragonesa.com\/wp-content\/uploads\/2018\/07\/ruta-monasterio-de-rueda-1024x779.jpg","datePublished":"2018-11-30T18:05:37+00:00","dateModified":"2019-04-05T07:47:56+00:00","description":"Arag\u00f3n et Rueda Ruda, un lieu inoubliable proche de l\u2019Ebro Dans la commune de S\u00e1stago, sur les berges de la rivi\u00e8re Ebro, s\u00b4\u2019\u00e9l\u00e8ve un superbe ensemble de","breadcrumb":{"@id":"https:\/\/gastronomia-aragonesa.com\/fr\/routes\/aragon-et-rueda\/#breadcrumb"},"inLanguage":"fr-FR","potentialAction":[{"@type":"ReadAction","target":["https:\/\/gastronomia-aragonesa.com\/fr\/routes\/aragon-et-rueda\/"]}]},{"@type":"ImageObject","inLanguage":"fr-FR","@id":"https:\/\/gastronomia-aragonesa.com\/fr\/routes\/aragon-et-rueda\/#primaryimage","url":"https:\/\/gastronomia-aragonesa.com\/wp-content\/uploads\/2018\/07\/ruta-monasterio-de-rueda-1024x779.jpg","contentUrl":"https:\/\/gastronomia-aragonesa.com\/wp-content\/uploads\/2018\/07\/ruta-monasterio-de-rueda-1024x779.jpg"},{"@type":"BreadcrumbList","@id":"https:\/\/gastronomia-aragonesa.com\/fr\/routes\/aragon-et-rueda\/#breadcrumb","itemListElement":[{"@type":"ListItem","position":1,"name":"Portada","item":"https:\/\/gastronomia-aragonesa.com\/"},{"@type":"ListItem","position":2,"name":"ROUTES","item":"https:\/\/gastronomia-aragonesa.com\/fr\/routes\/"},{"@type":"ListItem","position":3,"name":"Arag\u00f3n et Rueda"}]},{"@type":"WebSite","@id":"https:\/\/gastronomia-aragonesa.com\/#website","url":"https:\/\/gastronomia-aragonesa.com\/","name":"Gastronom\u00eda Aragonesa","description":"","publisher":{"@id":"https:\/\/gastronomia-aragonesa.com\/#organization"},"potentialAction":[{"@type":"SearchAction","target":{"@type":"EntryPoint","urlTemplate":"https:\/\/gastronomia-aragonesa.com\/?s={search_term_string}"},"query-input":{"@type":"PropertyValueSpecification","valueRequired":true,"valueName":"search_term_string"}}],"inLanguage":"fr-FR"},{"@type":"Organization","@id":"https:\/\/gastronomia-aragonesa.com\/#organization","name":"Gastronom\u00eda Aragonesa, Turismo de Arag\u00f3n","url":"https:\/\/gastronomia-aragonesa.com\/","logo":{"@type":"ImageObject","inLanguage":"fr-FR","@id":"https:\/\/gastronomia-aragonesa.com\/#\/schema\/logo\/image\/","url":"https:\/\/gastronomia-aragonesa.com\/wp-content\/uploads\/2019\/04\/gastronomia-aragonesa-turismo-de-aragon-1.png","contentUrl":"https:\/\/gastronomia-aragonesa.com\/wp-content\/uploads\/2019\/04\/gastronomia-aragonesa-turismo-de-aragon-1.png","width":260,"height":69,"caption":"Gastronom\u00eda Aragonesa, Turismo de Arag\u00f3n"},"image":{"@id":"https:\/\/gastronomia-aragonesa.com\/#\/schema\/logo\/image\/"}}]}},"_links":{"self":[{"href":"https:\/\/gastronomia-aragonesa.com\/fr\/wp-json\/wp\/v2\/pages\/4232","targetHints":{"allow":["GET"]}}],"collection":[{"href":"https:\/\/gastronomia-aragonesa.com\/fr\/wp-json\/wp\/v2\/pages"}],"about":[{"href":"https:\/\/gastronomia-aragonesa.com\/fr\/wp-json\/wp\/v2\/types\/page"}],"author":[{"embeddable":true,"href":"https:\/\/gastronomia-aragonesa.com\/fr\/wp-json\/wp\/v2\/users\/2"}],"replies":[{"embeddable":true,"href":"https:\/\/gastronomia-aragonesa.com\/fr\/wp-json\/wp\/v2\/comments?post=4232"}],"version-history":[{"count":6,"href":"https:\/\/gastronomia-aragonesa.com\/fr\/wp-json\/wp\/v2\/pages\/4232\/revisions"}],"predecessor-version":[{"id":6626,"href":"https:\/\/gastronomia-aragonesa.com\/fr\/wp-json\/wp\/v2\/pages\/4232\/revisions\/6626"}],"up":[{"embeddable":true,"href":"https:\/\/gastronomia-aragonesa.com\/fr\/wp-json\/wp\/v2\/pages\/3827"}],"wp:attachment":[{"href":"https:\/\/gastronomia-aragonesa.com\/fr\/wp-json\/wp\/v2\/media?parent=4232"}],"curies":[{"name":"wp","href":"https:\/\/api.w.org\/{rel}","templated":true}]}}