{"id":3901,"date":"2018-11-23T11:33:54","date_gmt":"2018-11-23T11:33:54","guid":{"rendered":"https:\/\/gastronomia-aragonesa.com\/routes\/lenvironnement-naturel-qui-entoure-calatayud\/"},"modified":"2018-11-23T18:39:40","modified_gmt":"2018-11-23T18:39:40","slug":"lenvironnement-naturel-qui-entoure-calatayud","status":"publish","type":"page","link":"https:\/\/gastronomia-aragonesa.com\/fr\/routes\/lenvironnement-naturel-qui-entoure-calatayud\/","title":{"rendered":"L\u2019environnement naturel qui entoure calatayud"},"content":{"rendered":"\t\t<div data-elementor-type=\"wp-post\" data-elementor-id=\"3901\" class=\"elementor elementor-3901 elementor-786 elementor-bc-flex-widget\" data-elementor-post-type=\"page\">\n\t\t\t\t\t\t<section class=\"elementor-section elementor-top-section elementor-element elementor-element-5aa763de elementor-section-height-min-height elementor-section-items-top elementor-section-stretched elementor-section-boxed elementor-section-height-default\" data-id=\"5aa763de\" data-element_type=\"section\" data-settings=\"{&quot;background_background&quot;:&quot;gradient&quot;,&quot;stretch_section&quot;:&quot;section-stretched&quot;}\">\n\t\t\t\t\t\t\t<div class=\"elementor-background-overlay\"><\/div>\n\t\t\t\t\t\t\t<div class=\"elementor-container elementor-column-gap-default\">\n\t\t\t\t\t<div class=\"elementor-column elementor-col-50 elementor-top-column elementor-element elementor-element-37dee30d\" data-id=\"37dee30d\" data-element_type=\"column\">\n\t\t\t<div class=\"elementor-widget-wrap elementor-element-populated\">\n\t\t\t\t\t\t<div class=\"elementor-element elementor-element-16778486 elementor-widget elementor-widget-heading\" data-id=\"16778486\" data-element_type=\"widget\" data-widget_type=\"heading.default\">\n\t\t\t\t<div class=\"elementor-widget-container\">\n\t\t\t\t\t<h1 class=\"elementor-heading-title elementor-size-default\">L\u2019environnement naturel qui entoure calatayud<\/h1>\t\t\t\t<\/div>\n\t\t\t\t<\/div>\n\t\t\t\t<div class=\"elementor-element elementor-element-c67ceca elementor-widget elementor-widget-text-editor\" data-id=\"c67ceca\" data-element_type=\"widget\" data-widget_type=\"text-editor.default\">\n\t\t\t\t<div class=\"elementor-widget-container\">\n\t\t\t\t\t\t\t\t\t<p>L\u2019attractivit\u00e9 des stations baln\u00e9aires, l\u2019un des attraits touristiques avec le plus de projection en Arag\u00f3n, le charme du monast\u00e8re de Piedra, l\u2019histoire et la culture de Calatayud, la saveur de ses populations qui forment le canton, un parcours magique avec d\u2019innombrable alternatives pour satisfaire les d\u00e9lices les plus divers.<\/p>\n\t\t\t\t\t\t\t\t<\/div>\n\t\t\t\t<\/div>\n\t\t\t\t<div class=\"elementor-element elementor-element-4b4c283 elementor-widget elementor-widget-spacer\" data-id=\"4b4c283\" data-element_type=\"widget\" data-widget_type=\"spacer.default\">\n\t\t\t\t<div class=\"elementor-widget-container\">\n\t\t\t\t\t\t\t<div class=\"elementor-spacer\">\n\t\t\t<div class=\"elementor-spacer-inner\"><\/div>\n\t\t<\/div>\n\t\t\t\t\t\t<\/div>\n\t\t\t\t<\/div>\n\t\t\t\t\t<\/div>\n\t\t<\/div>\n\t\t\t\t<div class=\"elementor-column elementor-col-50 elementor-top-column elementor-element elementor-element-4552e27\" data-id=\"4552e27\" data-element_type=\"column\">\n\t\t\t<div class=\"elementor-widget-wrap elementor-element-populated\">\n\t\t\t\t\t\t<div class=\"elementor-element elementor-element-3266c08 elementor-widget elementor-widget-spacer\" data-id=\"3266c08\" data-element_type=\"widget\" data-widget_type=\"spacer.default\">\n\t\t\t\t<div class=\"elementor-widget-container\">\n\t\t\t\t\t\t\t<div class=\"elementor-spacer\">\n\t\t\t<div class=\"elementor-spacer-inner\"><\/div>\n\t\t<\/div>\n\t\t\t\t\t\t<\/div>\n\t\t\t\t<\/div>\n\t\t\t\t\t<\/div>\n\t\t<\/div>\n\t\t\t\t\t<\/div>\n\t\t<\/section>\n\t\t\t\t<section class=\"elementor-section elementor-top-section elementor-element elementor-element-311df0ab elementor-section-height-min-height elementor-reverse-mobile elementor-section-boxed elementor-section-height-default elementor-section-items-middle\" data-id=\"311df0ab\" data-element_type=\"section\" data-settings=\"{&quot;background_background&quot;:&quot;classic&quot;}\">\n\t\t\t\t\t\t\t<div class=\"elementor-background-overlay\"><\/div>\n\t\t\t\t\t\t\t<div class=\"elementor-container elementor-column-gap-default\">\n\t\t\t\t\t<div class=\"elementor-column elementor-col-50 elementor-top-column elementor-element elementor-element-48bd7758\" data-id=\"48bd7758\" data-element_type=\"column\" data-settings=\"{&quot;background_background&quot;:&quot;classic&quot;}\">\n\t\t\t<div class=\"elementor-widget-wrap elementor-element-populated\">\n\t\t\t\t\t\t<div class=\"elementor-element elementor-element-08a279a elementor-widget elementor-widget-heading\" data-id=\"08a279a\" data-element_type=\"widget\" data-widget_type=\"heading.default\">\n\t\t\t\t<div class=\"elementor-widget-container\">\n\t\t\t\t\t<h2 class=\"elementor-heading-title elementor-size-default\">Parcourir Calatayud<\/h2>\t\t\t\t<\/div>\n\t\t\t\t<\/div>\n\t\t\t\t<section class=\"elementor-section elementor-inner-section elementor-element elementor-element-45835ab1 elementor-section-boxed elementor-section-height-default elementor-section-height-default\" data-id=\"45835ab1\" data-element_type=\"section\">\n\t\t\t\t\t\t<div class=\"elementor-container elementor-column-gap-extended\">\n\t\t\t\t\t<div class=\"elementor-column elementor-col-100 elementor-inner-column elementor-element elementor-element-13c45e39\" data-id=\"13c45e39\" data-element_type=\"column\">\n\t\t\t<div class=\"elementor-widget-wrap elementor-element-populated\">\n\t\t\t\t\t\t<div class=\"elementor-element elementor-element-4cea216d elementor-widget elementor-widget-text-editor\" data-id=\"4cea216d\" data-element_type=\"widget\" data-widget_type=\"text-editor.default\">\n\t\t\t\t<div class=\"elementor-widget-container\">\n\t\t\t\t\t\t\t\t\t<p>En tant que capitale indiscutable du canton, on trouve Calatayud, une ville monumentale o\u00f9 fusionne dans ses rue un m\u00e9lange de cultures, de styles et de traditions.<\/p>\n<p>Sa situation strat\u00e9gique a favoris\u00e9, avec le passage du temps, le fait que de nombreux villages s\u2019installent dans le canton actuel. Sa capitale est d\u00e9clar\u00e9e ensemble historique et monumental depuis 1967.<\/p>\n\t\t\t\t\t\t\t\t<\/div>\n\t\t\t\t<\/div>\n\t\t\t\t<div class=\"elementor-element elementor-element-18498ab elementor-widget elementor-widget-image\" data-id=\"18498ab\" data-element_type=\"widget\" data-widget_type=\"image.default\">\n\t\t\t\t<div class=\"elementor-widget-container\">\n\t\t\t\t\t\t\t\t\t\t\t\t\t\t\t<img fetchpriority=\"high\" decoding=\"async\" width=\"1024\" height=\"549\" src=\"https:\/\/gastronomia-aragonesa.com\/wp-content\/uploads\/2018\/04\/El-entorno-natural-que-rodea-a-Calatayud-Ayyub-1024x549.jpg\" class=\"attachment-large size-large wp-image-3902\" alt=\"L\u2019environnement naturel qui entoure calatayud Ayyub\" srcset=\"https:\/\/gastronomia-aragonesa.com\/wp-content\/uploads\/2018\/04\/El-entorno-natural-que-rodea-a-Calatayud-Ayyub.jpg 1024w, https:\/\/gastronomia-aragonesa.com\/wp-content\/uploads\/2018\/04\/El-entorno-natural-que-rodea-a-Calatayud-Ayyub-300x161.jpg 300w, https:\/\/gastronomia-aragonesa.com\/wp-content\/uploads\/2018\/04\/El-entorno-natural-que-rodea-a-Calatayud-Ayyub-768x412.jpg 768w\" sizes=\"(max-width: 1024px) 100vw, 1024px\" \/>\t\t\t\t\t\t\t\t\t\t\t\t\t\t\t<\/div>\n\t\t\t\t<\/div>\n\t\t\t\t\t<\/div>\n\t\t<\/div>\n\t\t\t\t\t<\/div>\n\t\t<\/section>\n\t\t\t\t<section class=\"elementor-section elementor-inner-section elementor-element elementor-element-16504932 elementor-section-boxed elementor-section-height-default elementor-section-height-default\" data-id=\"16504932\" data-element_type=\"section\">\n\t\t\t\t\t\t<div class=\"elementor-container elementor-column-gap-extended\">\n\t\t\t\t\t<div class=\"elementor-column elementor-col-100 elementor-inner-column elementor-element elementor-element-6642fce1\" data-id=\"6642fce1\" data-element_type=\"column\">\n\t\t\t<div class=\"elementor-widget-wrap elementor-element-populated\">\n\t\t\t\t\t\t<div class=\"elementor-element elementor-element-48bde42c elementor-widget elementor-widget-text-editor\" data-id=\"48bde42c\" data-element_type=\"widget\" data-widget_type=\"text-editor.default\">\n\t\t\t\t<div class=\"elementor-widget-container\">\n\t\t\t\t\t\t\t\t\t<h3><strong>Qal\u00b4atAyyub mud\u00e9jar<\/strong><\/h3>\n<p>De tout le canton, Calatayud est la cit\u00e9 avec les plus nombreux vestiges Mud\u00e9jar conserv\u00e9s malgr\u00e9 le passage du temps m\u00eame si les destructions et les n\u00e9gligences en ont \u00e9limin\u00e9 quelque uns. De tous les b\u00e2timents existants, la Colegiata de Santa Mar\u00eda est la plus repr\u00e9sentative. Le clo\u00eetre, l\u2019abside et l\u2019imposante tour s\u2019aper\u00e7oivent depuis la majeure partie de la commune et sont les meilleurs atouts qu\u2019offre l\u2019h\u00e9ritage arabe. Mais ce n\u2019est pas la seule \u00e9glise car d\u2019autres comme San Andr\u00e9s, San Pedro de los Francos, Virgen de la Pe\u00f1a ou l\u2019actuelle coll\u00e9giale du Saint S\u00e9pulcre sont des \u00e9chantillons de l\u2019art mud\u00e9jar que Calatayud cache.<\/p>\n<p>\nDe toute celles-ci, en plus de la structure et des mat\u00e9riaux int\u00e9rieurs, se d\u00e9marquent les int\u00e9rieurs et sa d\u00e9coration. L\u2019une des options pour r\u00e9cup\u00e9rer des informations sur la culture musulmane de la ville est l\u2019Office de Tourisme situ\u00e9e place del forte.<\/p>\n<h3><strong>Le Municipium Augusta Bilbilis romain<\/strong><\/h3>\n<p>\u00c0 cinq kilom\u00e8tres de Calatayud se trouve la vieille ville romaine de Jal\u00f3n, Bilbilis.<\/p>\n<p>L\u2019h\u00e9ritage mud\u00e9jar \u00e0 travers la rivi\u00e8re Qal\u2019at Ayyub a \u00e9t\u00e9 durant quatre si\u00e8cles une ville occup\u00e9e et gouvern\u00e9e par les musulmans. Durant tout ce temps (714-1120) arabes et berb\u00e8res ont laiss\u00e9 la pr\u00e9sence de leur culture avec une impressionnante r\u00e9f\u00e9rence artistique Mud\u00e9jar. Pour parcourir la route Mud\u00e9jar de Calatayud, nous pouvons suivre comme voies les lits des diff\u00e9rentes rivi\u00e8res qui traversent le canton. En commen\u00e7ant par le Jal\u00f3n, la commune d\u2019 Ateca poss\u00e8de l\u2019une des tours mud\u00e9jar les plus singuli\u00e8res d\u2019Arag\u00f3n car ses quatre fa\u00e7ades ont \u00e9t\u00e9 d\u00e9cor\u00e9es \u00e0 l\u2019identique. A peu de distance, au-dessus de la tour du ch\u00e2teau s\u2019est construit la tour de l\u2019horloge. La tour de l\u2019\u00e9glise se distingue par sa similitude avec celles de Belmonte et Ani\u00f1\u00f3n. D\u2019autres tours de premier plan dans cette zone sont celles de Hu\u00e9rmeda, Paracuellos de la rivera et Savi\u00f1an.<\/p>\n<p>Si nous suivons maintenant le lit de la rivi\u00e8re Jiloca, ses eaux nous feront d\u00e9couvrir de nombreuses communes dont la richesse est marquante. Maluenda, l\u2019un des \u00e9picentres Mud\u00e9jar, poss\u00e8de trois \u00e9glises avec d\u2019int\u00e9ressantes absides, pl\u00e2treries ou sculptures\u00a0, portiques et \u00e9videmment des tours. M\u00eame si elle est un peu s\u00e9par\u00e9e du cours de la rivi\u00e8re, la commune de Olv\u00e9s cache une curieuse Hermite qui avec Velilla, Morata, Fuentes et Villafeliche, composent l\u2019\u00e9picentre Mud\u00e9jar qui coule \u00e0 c\u00f4t\u00e9 du Jiloca.<\/p>\n<p>Le Perejiles, une rivi\u00e8re qui coule parall\u00e8le \u00e0 son voisin Jiloca, structure ce qui serait une autre route Mud\u00e9jar. Villalba et les restes de sa mosqu\u00e9e, l\u2019\u00e9glise de Belmonte, la tour de Mara et quelques uns des vestiges qui se trouvent \u00e0 Orera et Ruesca sont ses principaux ambassadeurs.<\/p>\n<p>Un affluant du Jal\u00f3n, la rivi\u00e8re Ribota, et les communes attenantes conservent aussi de nombreux restes Mud\u00e9jar. L\u2019\u00e9glise de Torralba, celle de Ani\u00f1\u00f3n, celle de Cervera de la ca\u00f1ada se distinguent de celle de Villarroya de la Sierra qui conserve moins de vestiges.<\/p>\n\t\t\t\t\t\t\t\t<\/div>\n\t\t\t\t<\/div>\n\t\t\t\t\t<\/div>\n\t\t<\/div>\n\t\t\t\t\t<\/div>\n\t\t<\/section>\n\t\t\t\t<div class=\"elementor-element elementor-element-fdc3332 elementor-widget elementor-widget-heading\" data-id=\"fdc3332\" data-element_type=\"widget\" data-widget_type=\"heading.default\">\n\t\t\t\t<div class=\"elementor-widget-container\">\n\t\t\t\t\t<h2 class=\"elementor-heading-title elementor-size-default\">El Monasterio de Piedra (Le Monasterio de Pierre)<\/h2>\t\t\t\t<\/div>\n\t\t\t\t<\/div>\n\t\t\t\t<section class=\"elementor-section elementor-inner-section elementor-element elementor-element-518b5ce9 elementor-section-boxed elementor-section-height-default elementor-section-height-default\" data-id=\"518b5ce9\" data-element_type=\"section\">\n\t\t\t\t\t\t<div class=\"elementor-container elementor-column-gap-extended\">\n\t\t\t\t\t<div class=\"elementor-column elementor-col-100 elementor-inner-column elementor-element elementor-element-72c28962\" data-id=\"72c28962\" data-element_type=\"column\">\n\t\t\t<div class=\"elementor-widget-wrap elementor-element-populated\">\n\t\t\t\t\t\t<div class=\"elementor-element elementor-element-4a4b7416 elementor-widget elementor-widget-image\" data-id=\"4a4b7416\" data-element_type=\"widget\" data-widget_type=\"image.default\">\n\t\t\t\t<div class=\"elementor-widget-container\">\n\t\t\t\t\t\t\t\t\t\t\t\t\t\t\t<img decoding=\"async\" width=\"1000\" height=\"750\" src=\"https:\/\/gastronomia-aragonesa.com\/wp-content\/uploads\/2018\/04\/rutas-gastronomicas-por-aragon-monasterio-piedra.jpg\" class=\"attachment-large size-large wp-image-3905\" alt=\"Rutas Gastronomicas Por Aragon Monasterio Piedra\" srcset=\"https:\/\/gastronomia-aragonesa.com\/wp-content\/uploads\/2018\/04\/rutas-gastronomicas-por-aragon-monasterio-piedra.jpg 1000w, https:\/\/gastronomia-aragonesa.com\/wp-content\/uploads\/2018\/04\/rutas-gastronomicas-por-aragon-monasterio-piedra-300x225.jpg 300w, https:\/\/gastronomia-aragonesa.com\/wp-content\/uploads\/2018\/04\/rutas-gastronomicas-por-aragon-monasterio-piedra-768x576.jpg 768w\" sizes=\"(max-width: 1000px) 100vw, 1000px\" \/>\t\t\t\t\t\t\t\t\t\t\t\t\t\t\t<\/div>\n\t\t\t\t<\/div>\n\t\t\t\t<div class=\"elementor-element elementor-element-1620ac4 elementor-widget elementor-widget-text-editor\" data-id=\"1620ac4\" data-element_type=\"widget\" data-widget_type=\"text-editor.default\">\n\t\t\t\t<div class=\"elementor-widget-container\">\n\t\t\t\t\t\t\t\t\t<p>L\u2019une des ressources touristique et monumentale la plus importante d\u2019Arag\u00f3n est un oasis naturel qui rompt l\u2019esth\u00e9tique aride\u00a0; c\u2019est une source de silence ou l\u2019eau \u00e9clabousse de beaut\u00e9 tout ce qu\u2019elle touche. Le Monast\u00e8re de Pierre,\u00a0 fond\u00e9 par les moines du C\u00edster au XII\u00ba si\u00e8cle a \u00e9t\u00e9 converti en h\u00f4tel et en paysage naturel au XIX\u00ba si\u00e8cle.<\/p>\n<p>C sont ces deux aspects, le monumental et le paysag\u00e9 qui fragmente ce magnifique ensemble touristique.<\/p>\n<h3><strong>D\u00e9couvrir les d\u00e9pendances du monast\u00e8re<\/strong><\/h3>\n<p>Cet itin\u00e9raire est conduit par les voies qui montrent au voyageur la forme de vie et les habitudes des anciens moines. Elles parcourent le clo\u00eetre, la salle capitulaire, l\u2019abbaye, la crypte, le passage, les salles des cal\u00e8ches, le r\u00e9fectoire et la cuisine conventionnelle, entre autres. Dans ce dernier endroit, le chocolat fut introduit pour la premi\u00e8re fois en Europe. C\u2019est pour cela que la visite se fait de plus en plus douce et sucr\u00e9e.<\/p>\n<p>Dans les caves se d\u00e9marquent le mus\u00e9e du vin AOC Calatayud, un espace totalement recommand\u00e9 pour conna\u00eetre le pass\u00e9 et le pr\u00e9sent des vins de ce prestigieux canton vinicole.<\/p>\n<h3><strong>Se perdre dans la nature<\/strong><\/h3>\n<p>Une autre possibilit\u00e9 que propose le Monasterio de Piedra est celle de parcourir les diff\u00e9rents itin\u00e9raires qui traversent cet espace naturel prot\u00e9g\u00e9. En fonction de la route choisie, qu\u2019elle soit marqu\u00e9e de fl\u00e8ches rouges, bleues ou vertes, nous d\u00e9couvrirons les diff\u00e9rentes parties du parc. Les rouges d\u00e9ambulent entre les instantan\u00e9es les plus recommandables\u00a0: depuis l\u2019impressionnant mirador de la queue de cheval on descend jusqu\u2019\u00e0 la grotte Iris et l\u2019on traverse la Pe\u00f1a del diablo (rocher du diable), le relaxant lac du miroir, les Chorreadores (jets d\u2019eau), le lac des canards, ou la grotte de l\u2019artiste entre autres. R\u00e9aliser ce parcours, c\u2019est se plonger dans l\u2019un des parages les plus beaux d\u2019Arag\u00f3n.<\/p>\n<p>\nLa route marqu\u00e9e avec des fl\u00e8ches bleues conduit \u00e0 El Vergel et \u00e0 l\u2019innovateur centre d\u2019interpr\u00e9tation de Fauna Pisc\u00edcola, premier centre de pisciculture d\u2019Espagne.<\/p>\n<p>Finalement, les panneaux verts soulignent les zones de repos et les endroits o\u00f9 contempler les si impressionnants manifestations naturelles. De tranquilles promenades, coins de lecture, silence. Un havre de paix et tranquillit\u00e9.<\/p>\n\t\t\t\t\t\t\t\t<\/div>\n\t\t\t\t<\/div>\n\t\t\t\t\t<\/div>\n\t\t<\/div>\n\t\t\t\t\t<\/div>\n\t\t<\/section>\n\t\t\t\t<section class=\"elementor-section elementor-inner-section elementor-element elementor-element-ed846df elementor-section-boxed elementor-section-height-default elementor-section-height-default\" data-id=\"ed846df\" data-element_type=\"section\">\n\t\t\t\t\t\t<div class=\"elementor-container elementor-column-gap-extended\">\n\t\t\t\t\t<div class=\"elementor-column elementor-col-100 elementor-inner-column elementor-element elementor-element-cd3adcc\" data-id=\"cd3adcc\" data-element_type=\"column\">\n\t\t\t<div class=\"elementor-widget-wrap elementor-element-populated\">\n\t\t\t\t\t\t<div class=\"elementor-element elementor-element-f30ae9d elementor-widget elementor-widget-image\" data-id=\"f30ae9d\" data-element_type=\"widget\" data-widget_type=\"image.default\">\n\t\t\t\t<div class=\"elementor-widget-container\">\n\t\t\t\t\t\t\t\t\t\t\t\t\t\t\t<img decoding=\"async\" width=\"1024\" height=\"683\" src=\"https:\/\/gastronomia-aragonesa.com\/wp-content\/uploads\/2018\/04\/El-entorno-natural-que-rodea-a-Calatayud-m.-piedra-1024x683.jpg\" class=\"attachment-large size-large wp-image-3908\" alt=\"L\u2019environnement naturel qui entoure calatayud M Piedra\" srcset=\"https:\/\/gastronomia-aragonesa.com\/wp-content\/uploads\/2018\/04\/El-entorno-natural-que-rodea-a-Calatayud-m.-piedra.jpg 1024w, https:\/\/gastronomia-aragonesa.com\/wp-content\/uploads\/2018\/04\/El-entorno-natural-que-rodea-a-Calatayud-m.-piedra-300x200.jpg 300w, https:\/\/gastronomia-aragonesa.com\/wp-content\/uploads\/2018\/04\/El-entorno-natural-que-rodea-a-Calatayud-m.-piedra-768x512.jpg 768w\" sizes=\"(max-width: 1024px) 100vw, 1024px\" \/>\t\t\t\t\t\t\t\t\t\t\t\t\t\t\t<\/div>\n\t\t\t\t<\/div>\n\t\t\t\t\t<\/div>\n\t\t<\/div>\n\t\t\t\t\t<\/div>\n\t\t<\/section>\n\t\t\t\t<div class=\"elementor-element elementor-element-eacb60c elementor-widget elementor-widget-spacer\" data-id=\"eacb60c\" data-element_type=\"widget\" data-widget_type=\"spacer.default\">\n\t\t\t\t<div class=\"elementor-widget-container\">\n\t\t\t\t\t\t\t<div class=\"elementor-spacer\">\n\t\t\t<div class=\"elementor-spacer-inner\"><\/div>\n\t\t<\/div>\n\t\t\t\t\t\t<\/div>\n\t\t\t\t<\/div>\n\t\t\t\t<section class=\"elementor-section elementor-inner-section elementor-element elementor-element-5f950167 elementor-section-boxed elementor-section-height-default elementor-section-height-default\" data-id=\"5f950167\" data-element_type=\"section\">\n\t\t\t\t\t\t<div class=\"elementor-container elementor-column-gap-extended\">\n\t\t\t\t\t<div class=\"elementor-column elementor-col-100 elementor-inner-column elementor-element elementor-element-50974d53\" data-id=\"50974d53\" data-element_type=\"column\">\n\t\t\t<div class=\"elementor-widget-wrap elementor-element-populated\">\n\t\t\t\t\t\t<div class=\"elementor-element elementor-element-1293a1b elementor-widget elementor-widget-heading\" data-id=\"1293a1b\" data-element_type=\"widget\" data-widget_type=\"heading.default\">\n\t\t\t\t<div class=\"elementor-widget-container\">\n\t\t\t\t\t<h2 class=\"elementor-heading-title elementor-size-default\">La route baln\u00e9aire<\/h2>\t\t\t\t<\/div>\n\t\t\t\t<\/div>\n\t\t\t\t<div class=\"elementor-element elementor-element-8792d43 elementor-widget elementor-widget-image\" data-id=\"8792d43\" data-element_type=\"widget\" data-widget_type=\"image.default\">\n\t\t\t\t<div class=\"elementor-widget-container\">\n\t\t\t\t\t\t\t\t\t\t\t\t\t\t\t<img loading=\"lazy\" decoding=\"async\" width=\"1024\" height=\"536\" src=\"https:\/\/gastronomia-aragonesa.com\/wp-content\/uploads\/2018\/04\/El-entorno-natural-que-rodea-a-Calatayud-balnearios-1024x536.jpg\" class=\"attachment-large size-large wp-image-3911\" alt=\"L\u2019environnement naturel qui entoure calatayud Balnearios\" srcset=\"https:\/\/gastronomia-aragonesa.com\/wp-content\/uploads\/2018\/04\/El-entorno-natural-que-rodea-a-Calatayud-balnearios.jpg 1024w, https:\/\/gastronomia-aragonesa.com\/wp-content\/uploads\/2018\/04\/El-entorno-natural-que-rodea-a-Calatayud-balnearios-300x157.jpg 300w, https:\/\/gastronomia-aragonesa.com\/wp-content\/uploads\/2018\/04\/El-entorno-natural-que-rodea-a-Calatayud-balnearios-768x402.jpg 768w\" sizes=\"(max-width: 1024px) 100vw, 1024px\" \/>\t\t\t\t\t\t\t\t\t\t\t\t\t\t\t<\/div>\n\t\t\t\t<\/div>\n\t\t\t\t<div class=\"elementor-element elementor-element-50c17c86 elementor-widget elementor-widget-text-editor\" data-id=\"50c17c86\" data-element_type=\"widget\" data-widget_type=\"text-editor.default\">\n\t\t\t\t<div class=\"elementor-widget-container\">\n\t\t\t\t\t\t\t\t\t<p>Le canton de Calataud h\u00e9berge le plus grand nombre de stations baln\u00e9aire de Saragosse qui se situent dans les communes de Jaraba, Alhama de Arag\u00f3n et Paracuellos de Jiloca. Six sont des stations thermales qui ont fait de cette zone de l\u2019Arag\u00f3n l\u2019un des principaux points d\u2019int\u00e9r\u00eat du secteur baln\u00e9aire national.<\/p>\n<h3><strong>Toutes les stations Baln\u00e9aires:<\/strong><\/h3>\n<ul>\n<li>Paracuellos de Jiloca (Cta. de Valencia s\/n. 50342 Paracuellos de Jiloca. Tel:976 88 32 25) <a href=\"https:\/\/www.balneariodeparacuellos.com\/\" target=\"_blank\" rel=\"noopener\">www.balneariodeparacuellos.com<\/a><\/li>\n<li>Ba\u00f1os de Ser\u00f3n (Ctra. de la Calmarza s\/n. 50237 Jaraba. Tel: 976 84 80 71)<br \/>\n<a href=\"http:\/\/www.balnearioseron.com\/\" target=\"_blank\" rel=\"noopener\">www.balnearioseron.com<\/a><\/li>\n<li>Balneario Sicilia (Ctra. de la Calmarza s\/n. 50237 Jaraba. Tel: 976 84 80 11)<br \/>\n<a href=\"https:\/\/www.balneariosicilia.com\/\" target=\"_blank\" rel=\"noopener\">www.balneariosicilia.com<\/a><\/li>\n<li>Ba\u00f1os de La Virgen (Ctra. de la Calmarza s\/n. 50237 Jaraba. Tel: 976 84 81 07)<br \/>\n<a href=\"https:\/\/www.balneariodelavirgen.es\/\" target=\"_blank\" rel=\"noopener\">www.balneariodelavirgen.es<\/a><\/li>\n<li>Termas Pallar\u00e9s (Avda. de la Constituci\u00f3n 20. 50230 Alhama de Arag\u00f3n Tel: 976 84 00 11) <a href=\"http:\/\/www.termaspallares.com\/\" target=\"_blank\" rel=\"noopener\">www.termaspallares.com<\/a><\/li>\n<li>Balneario Alhama de Arag\u00f3n (San Roque, 1-6. 50230 Alhama de Arag\u00f3n Tel: 976 87 92 66) <a href=\"https:\/\/www.hotelbalnearioalhamadearagon.com\/\" target=\"_blank\" rel=\"noopener\">www.hotelbalnearioalhamadearagon.com<\/a><\/li>\n<\/ul>\n\t\t\t\t\t\t\t\t<\/div>\n\t\t\t\t<\/div>\n\t\t\t\t\t<\/div>\n\t\t<\/div>\n\t\t\t\t\t<\/div>\n\t\t<\/section>\n\t\t\t\t<section class=\"elementor-section elementor-inner-section elementor-element elementor-element-420cbce elementor-section-boxed elementor-section-height-default elementor-section-height-default\" data-id=\"420cbce\" data-element_type=\"section\">\n\t\t\t\t\t\t<div class=\"elementor-container elementor-column-gap-extended\">\n\t\t\t\t\t<div class=\"elementor-column elementor-col-100 elementor-inner-column elementor-element elementor-element-2121b28\" data-id=\"2121b28\" data-element_type=\"column\">\n\t\t\t<div class=\"elementor-widget-wrap elementor-element-populated\">\n\t\t\t\t\t\t<div class=\"elementor-element elementor-element-d500ce8 elementor-widget elementor-widget-heading\" data-id=\"d500ce8\" data-element_type=\"widget\" data-widget_type=\"heading.default\">\n\t\t\t\t<div class=\"elementor-widget-container\">\n\t\t\t\t\t<h2 class=\"elementor-heading-title elementor-size-default\">Les bont\u00e9s de l\u2019eau<\/h2>\t\t\t\t<\/div>\n\t\t\t\t<\/div>\n\t\t\t\t<div class=\"elementor-element elementor-element-541d80f elementor-widget elementor-widget-image\" data-id=\"541d80f\" data-element_type=\"widget\" data-widget_type=\"image.default\">\n\t\t\t\t<div class=\"elementor-widget-container\">\n\t\t\t\t\t\t\t\t\t\t\t\t\t\t\t<img loading=\"lazy\" decoding=\"async\" width=\"1024\" height=\"664\" src=\"https:\/\/gastronomia-aragonesa.com\/wp-content\/uploads\/2018\/04\/El-entorno-natural-que-rodea-a-Calatayud-plz-mayor-1024x664.jpg\" class=\"attachment-large size-large wp-image-3914\" alt=\"L\u2019environnement naturel qui entoure calatayud Plz Mayor\" srcset=\"https:\/\/gastronomia-aragonesa.com\/wp-content\/uploads\/2018\/04\/El-entorno-natural-que-rodea-a-Calatayud-plz-mayor.jpg 1024w, https:\/\/gastronomia-aragonesa.com\/wp-content\/uploads\/2018\/04\/El-entorno-natural-que-rodea-a-Calatayud-plz-mayor-300x195.jpg 300w, https:\/\/gastronomia-aragonesa.com\/wp-content\/uploads\/2018\/04\/El-entorno-natural-que-rodea-a-Calatayud-plz-mayor-768x498.jpg 768w\" sizes=\"(max-width: 1024px) 100vw, 1024px\" \/>\t\t\t\t\t\t\t\t\t\t\t\t\t\t\t<\/div>\n\t\t\t\t<\/div>\n\t\t\t\t<div class=\"elementor-element elementor-element-89502f4 elementor-widget elementor-widget-text-editor\" data-id=\"89502f4\" data-element_type=\"widget\" data-widget_type=\"text-editor.default\">\n\t\t\t\t<div class=\"elementor-widget-container\">\n\t\t\t\t\t\t\t\t\t<p>Les stations baln\u00e9aires ne sont plus uniquement des centres de sant\u00e9 et se sont converties aussi en des lieux de d\u00e9tente et de loisirs. Mais les propri\u00e9t\u00e9s curatives de l\u2019eau et ses diff\u00e9rents traitements sont recommandables pour contrecarrer des maladies cutan\u00e9es ou combattre des probl\u00e8mes r\u00e9naux, pour les rhumatismes ou les gens avec des probl\u00e8mes aux reins, pour faire face \u00e0 la fatigue , la cystite, les inflammations rhumatisantes ou les probl\u00e8mes urinaires et digestifs. Bains et massages de mille et un types, jets d\u2019eau, inhalations, douches circulaires, traitements esth\u00e9tiques. Un bon nombre de fa\u00e7ons de remettre en forme notre organisme. A toutes ces possibilit\u00e9s curatives s\u2019unissent l\u2019attractivit\u00e9 qui entoure les stations baln\u00e9aires et montrent tant d\u2019alternatives de loisirs et de temps libre.<\/p>\n\t\t\t\t\t\t\t\t<\/div>\n\t\t\t\t<\/div>\n\t\t\t\t\t<\/div>\n\t\t<\/div>\n\t\t\t\t\t<\/div>\n\t\t<\/section>\n\t\t\t\t<section class=\"elementor-section elementor-inner-section elementor-element elementor-element-ae784cb elementor-section-boxed elementor-section-height-default elementor-section-height-default\" data-id=\"ae784cb\" data-element_type=\"section\">\n\t\t\t\t\t\t<div class=\"elementor-container elementor-column-gap-extended\">\n\t\t\t\t\t<div class=\"elementor-column elementor-col-100 elementor-inner-column elementor-element elementor-element-b1dcc62\" data-id=\"b1dcc62\" data-element_type=\"column\">\n\t\t\t<div class=\"elementor-widget-wrap elementor-element-populated\">\n\t\t\t\t\t\t<div class=\"elementor-element elementor-element-5b55ba2 elementor-widget elementor-widget-heading\" data-id=\"5b55ba2\" data-element_type=\"widget\" data-widget_type=\"heading.default\">\n\t\t\t\t<div class=\"elementor-widget-container\">\n\t\t\t\t\t<h2 class=\"elementor-heading-title elementor-size-default\">Comment y arriver<\/h2>\t\t\t\t<\/div>\n\t\t\t\t<\/div>\n\t\t\t\t<div class=\"elementor-element elementor-element-a9a3a5a elementor-widget elementor-widget-text-editor\" data-id=\"a9a3a5a\" data-element_type=\"widget\" data-widget_type=\"text-editor.default\">\n\t\t\t\t<div class=\"elementor-widget-container\">\n\t\t\t\t\t\t\t\t\t<\/p>\n<p>La route des stations baln\u00e9aires commence \u00e0 Alhama, une petite localit\u00e9 situ\u00e9e \u00e0 600 m\u00e8tres d\u2019altitude \u00e0 laquelle on acc\u00e8de par la route N-11 parfaitement signal\u00e9e et qui parcourt un parage \u00e9norm\u00e9ment gratifiant. De cette commune, nous prendrons la A-2502 qui d\u00e9bouche dans le barrage de la Tranquera pour continuer en montant vers Jaraba par une autre route cantonal, la A-1501. Dans cette commune baign\u00e9e dans les eaux de la rivi\u00e8re Mesa, apparaissent aussi d\u2019autres stations thermales.<\/p>\n<p>Celui de Paracuellos de Jiloca est le seul qui est un peu \u00e0 l\u2019\u00e9cart et ou nous acc\u00e9derons depuis Calatayud par la route qui m\u00e8ne \u00e0 Maluenda (N-234). Sur le chemin de ses deux communes se trouve la station baln\u00e9aire de Paracuellos.<\/p>\n\t\t\t\t\t\t\t\t<\/div>\n\t\t\t\t<\/div>\n\t\t\t\t\t<\/div>\n\t\t<\/div>\n\t\t\t\t\t<\/div>\n\t\t<\/section>\n\t\t\t\t<section class=\"elementor-section elementor-inner-section elementor-element elementor-element-08ab157 elementor-section-boxed elementor-section-height-default elementor-section-height-default\" data-id=\"08ab157\" data-element_type=\"section\">\n\t\t\t\t\t\t<div class=\"elementor-container elementor-column-gap-extended\">\n\t\t\t\t\t<div class=\"elementor-column elementor-col-100 elementor-inner-column elementor-element elementor-element-c2e2de6\" data-id=\"c2e2de6\" data-element_type=\"column\">\n\t\t\t<div class=\"elementor-widget-wrap elementor-element-populated\">\n\t\t\t\t\t\t<div class=\"elementor-element elementor-element-fddeef5 elementor-widget elementor-widget-heading\" data-id=\"fddeef5\" data-element_type=\"widget\" data-widget_type=\"heading.default\">\n\t\t\t\t<div class=\"elementor-widget-container\">\n\t\t\t\t\t<h2 class=\"elementor-heading-title elementor-size-default\">Culinaire<\/h2>\t\t\t\t<\/div>\n\t\t\t\t<\/div>\n\t\t\t\t<div class=\"elementor-element elementor-element-93bb68d elementor-widget elementor-widget-text-editor\" data-id=\"93bb68d\" data-element_type=\"widget\" data-widget_type=\"text-editor.default\">\n\t\t\t\t<div class=\"elementor-widget-container\">\n\t\t\t\t\t\t\t\t\t<\/p>\n<p>La gastronomie classique de Calatayud est gouvern\u00e9e par deus r\u00e9f\u00e9rences classiques dont la popularit\u00e9 repr\u00e9sente \u00e0 l\u2019occasion la cuisine qui s\u00b4`\u00e9labore dans tout le canton. D\u2019un c\u00f4t\u00e9 l\u2019agneau de Bilbilitana et de l\u2019autre le congre \u00e0 la Bilbilitaine. Et ce poisson s\u00e9ch\u00e9 forme aussi partie d\u2019autres recettes classiques comme les patates et les pois chiches au congre. Il a aussi en provenance des rivi\u00e8res les truites qui traversent les cours d\u2019eau et que l\u2019on \u00e9labore frites dans la farine, elles sont en t\u00eate de liste avec les chorizos, morcillas (boudins) et G\u00fce\u00f1as. (type de saucisse)<\/p>\n\t\t\t\t\t\t\t\t<\/div>\n\t\t\t\t<\/div>\n\t\t\t\t\t<\/div>\n\t\t<\/div>\n\t\t\t\t\t<\/div>\n\t\t<\/section>\n\t\t\t\t\t<\/div>\n\t\t<\/div>\n\t\t\t\t<div class=\"elementor-column elementor-col-50 elementor-top-column elementor-element elementor-element-4c4abcb5\" data-id=\"4c4abcb5\" data-element_type=\"column\" data-settings=\"{&quot;background_background&quot;:&quot;classic&quot;}\">\n\t\t\t<div class=\"elementor-widget-wrap elementor-element-populated\">\n\t\t\t\t\t\t<div class=\"elementor-element elementor-element-43215caa elementor-widget elementor-widget-image\" data-id=\"43215caa\" data-element_type=\"widget\" data-widget_type=\"image.default\">\n\t\t\t\t<div class=\"elementor-widget-container\">\n\t\t\t\t\t\t\t\t\t\t\t\t\t\t\t<img loading=\"lazy\" decoding=\"async\" width=\"525\" height=\"741\" src=\"https:\/\/gastronomia-aragonesa.com\/wp-content\/uploads\/2018\/04\/El-entorno-natural-que-rodea-a-Calatayud-ruta3.gif\" class=\"attachment-full size-full wp-image-3917\" alt=\"L\u2019environnement naturel qui entoure calatayud Ruta3\" \/>\t\t\t\t\t\t\t\t\t\t\t\t\t\t\t<\/div>\n\t\t\t\t<\/div>\n\t\t\t\t<div class=\"elementor-element elementor-element-1d2dde9e elementor-widget elementor-widget-heading\" data-id=\"1d2dde9e\" data-element_type=\"widget\" data-widget_type=\"heading.default\">\n\t\t\t\t<div class=\"elementor-widget-container\">\n\t\t\t\t\t<h2 class=\"elementor-heading-title elementor-size-default\">Men\u00fa rutas<\/h2>\t\t\t\t<\/div>\n\t\t\t\t<\/div>\n\t\t\t\t<section class=\"elementor-section elementor-inner-section elementor-element elementor-element-677952b4 elementor-section-boxed elementor-section-height-default elementor-section-height-default\" data-id=\"677952b4\" data-element_type=\"section\">\n\t\t\t\t\t\t<div class=\"elementor-container elementor-column-gap-no\">\n\t\t\t\t\t<div class=\"elementor-column elementor-col-100 elementor-inner-column elementor-element elementor-element-3e5b6749\" data-id=\"3e5b6749\" data-element_type=\"column\">\n\t\t\t<div class=\"elementor-widget-wrap elementor-element-populated\">\n\t\t\t\t\t\t<div class=\"elementor-element elementor-element-4ae8b1f0 elementor-nav-menu__align-justify elementor-nav-menu__text-align-center elementor-nav-menu--dropdown-tablet elementor-nav-menu--toggle elementor-nav-menu--burger elementor-widget elementor-widget-nav-menu\" data-id=\"4ae8b1f0\" data-element_type=\"widget\" data-settings=\"{&quot;layout&quot;:&quot;vertical&quot;,&quot;submenu_icon&quot;:{&quot;value&quot;:&quot;&lt;i class=\\&quot;fas fa-caret-down\\&quot; aria-hidden=\\&quot;true\\&quot;&gt;&lt;\\\/i&gt;&quot;,&quot;library&quot;:&quot;fa-solid&quot;},&quot;toggle&quot;:&quot;burger&quot;}\" data-widget_type=\"nav-menu.default\">\n\t\t\t\t<div class=\"elementor-widget-container\">\n\t\t\t\t\t\t\t\t<nav aria-label=\"Menu\" class=\"elementor-nav-menu--main elementor-nav-menu__container elementor-nav-menu--layout-vertical e--pointer-background e--animation-fade\">\n\t\t\t\t<ul id=\"menu-1-4ae8b1f0\" class=\"elementor-nav-menu sm-vertical\"><li class=\"menu-item menu-item-type-post_type menu-item-object-page menu-item-4047\"><a href=\"https:\/\/gastronomia-aragonesa.com\/fr\/routes\/aragon-par-les-cinq-sens\/\" class=\"elementor-item\">Aragon par les cinq sens<\/a><\/li>\n<li class=\"menu-item menu-item-type-post_type menu-item-object-page menu-item-4048\"><a href=\"https:\/\/gastronomia-aragonesa.com\/fr\/routes\/promenade-dans-le-somontano-de-moncayo\/\" class=\"elementor-item\">Promenade dans le Somontano de Moncayo<\/a><\/li>\n<li class=\"menu-item menu-item-type-post_type menu-item-object-page menu-item-4049\"><a href=\"https:\/\/gastronomia-aragonesa.com\/fr\/routes\/lenvironnement-naturel-qui-entoure-calatayud\/\" class=\"elementor-item\">L\u2019environnement naturel qui entoure calatayud<\/a><\/li>\n<li class=\"menu-item menu-item-type-post_type menu-item-object-page menu-item-4050\"><a href=\"https:\/\/gastronomia-aragonesa.com\/fr\/routes\/voyager-a-travers-lhistoire\/\" class=\"elementor-item\">Voyager \u00e0 travers l\u2019histoire<\/a><\/li>\n<li class=\"menu-item menu-item-type-post_type menu-item-object-page menu-item-4051\"><a href=\"https:\/\/gastronomia-aragonesa.com\/fr\/routes\/le-suggestif-val-du-tena\/\" class=\"elementor-item\">Le sugg\u00e9stif val du tena<\/a><\/li>\n<li class=\"menu-item menu-item-type-post_type menu-item-object-page menu-item-4052\"><a href=\"https:\/\/gastronomia-aragonesa.com\/fr\/routes\/graus-et-albarracin\/\" class=\"elementor-item\">Graus et Albarrac\u00edn<\/a><\/li>\n<li class=\"menu-item menu-item-type-post_type menu-item-object-page menu-item-4053\"><a href=\"https:\/\/gastronomia-aragonesa.com\/fr\/routes\/a-la-croisee-des-chemins\/\" class=\"elementor-item\">A la crois\u00e9e des chemins<\/a><\/li>\n<li class=\"menu-item menu-item-type-post_type menu-item-object-page menu-item-4177\"><a href=\"https:\/\/gastronomia-aragonesa.com\/fr\/routes\/el-campo-de-borja\/\" class=\"elementor-item\">El Campo de Borja<\/a><\/li>\n<li class=\"menu-item menu-item-type-post_type menu-item-object-page menu-item-4178\"><a href=\"https:\/\/gastronomia-aragonesa.com\/fr\/routes\/chateaux-daragon\/\" class=\"elementor-item\">Ch\u00e2teaux d\u2019Arag\u00f3n<\/a><\/li>\n<li class=\"menu-item menu-item-type-post_type menu-item-object-page menu-item-4179\"><a href=\"https:\/\/gastronomia-aragonesa.com\/fr\/routes\/gudar-javalambre\/\" class=\"elementor-item\">G\u00fadar-Javalambre<\/a><\/li>\n<li class=\"menu-item menu-item-type-post_type menu-item-object-page menu-item-4202\"><a href=\"https:\/\/gastronomia-aragonesa.com\/fr\/routes\/la-hoya-de-huesca\/\" class=\"elementor-item\">La Hoya de Huesca<\/a><\/li>\n<li class=\"menu-item menu-item-type-post_type menu-item-object-page menu-item-4229\"><a href=\"https:\/\/gastronomia-aragonesa.com\/fr\/routes\/aragon-neige\/\" class=\"elementor-item\">Arag\u00f3n = neige<\/a><\/li>\n<li class=\"menu-item menu-item-type-post_type menu-item-object-page menu-item-4304\"><a href=\"https:\/\/gastronomia-aragonesa.com\/fr\/routes\/aragon-et-rueda\/\" class=\"elementor-item\">Arag\u00f3n et Rueda<\/a><\/li>\n<li class=\"menu-item menu-item-type-post_type menu-item-object-page menu-item-4263\"><a href=\"https:\/\/gastronomia-aragonesa.com\/fr\/routes\/teruel-eblouissante\/\" class=\"elementor-item\">Teruel \u00e9blouissante<\/a><\/li>\n<li class=\"menu-item menu-item-type-post_type menu-item-object-page menu-item-4299\"><a href=\"https:\/\/gastronomia-aragonesa.com\/fr\/routes\/15-la-vallee-daragon\/\" class=\"elementor-item\">La Vall\u00e9e D\u2019arag\u00f3n<\/a><\/li>\n<\/ul>\t\t\t<\/nav>\n\t\t\t\t\t<div class=\"elementor-menu-toggle\" role=\"button\" tabindex=\"0\" aria-label=\"Permuter le menu\" aria-expanded=\"false\">\n\t\t\t<i aria-hidden=\"true\" role=\"presentation\" class=\"elementor-menu-toggle__icon--open eicon-menu-bar\"><\/i><i aria-hidden=\"true\" role=\"presentation\" class=\"elementor-menu-toggle__icon--close eicon-close\"><\/i>\t\t<\/div>\n\t\t\t\t\t<nav class=\"elementor-nav-menu--dropdown elementor-nav-menu__container\" aria-hidden=\"true\">\n\t\t\t\t<ul id=\"menu-2-4ae8b1f0\" class=\"elementor-nav-menu sm-vertical\"><li class=\"menu-item menu-item-type-post_type menu-item-object-page menu-item-4047\"><a href=\"https:\/\/gastronomia-aragonesa.com\/fr\/routes\/aragon-par-les-cinq-sens\/\" class=\"elementor-item\" tabindex=\"-1\">Aragon par les cinq sens<\/a><\/li>\n<li class=\"menu-item menu-item-type-post_type menu-item-object-page menu-item-4048\"><a href=\"https:\/\/gastronomia-aragonesa.com\/fr\/routes\/promenade-dans-le-somontano-de-moncayo\/\" class=\"elementor-item\" tabindex=\"-1\">Promenade dans le Somontano de Moncayo<\/a><\/li>\n<li class=\"menu-item menu-item-type-post_type menu-item-object-page menu-item-4049\"><a href=\"https:\/\/gastronomia-aragonesa.com\/fr\/routes\/lenvironnement-naturel-qui-entoure-calatayud\/\" class=\"elementor-item\" tabindex=\"-1\">L\u2019environnement naturel qui entoure calatayud<\/a><\/li>\n<li class=\"menu-item menu-item-type-post_type menu-item-object-page menu-item-4050\"><a href=\"https:\/\/gastronomia-aragonesa.com\/fr\/routes\/voyager-a-travers-lhistoire\/\" class=\"elementor-item\" tabindex=\"-1\">Voyager \u00e0 travers l\u2019histoire<\/a><\/li>\n<li class=\"menu-item menu-item-type-post_type menu-item-object-page menu-item-4051\"><a href=\"https:\/\/gastronomia-aragonesa.com\/fr\/routes\/le-suggestif-val-du-tena\/\" class=\"elementor-item\" tabindex=\"-1\">Le sugg\u00e9stif val du tena<\/a><\/li>\n<li class=\"menu-item menu-item-type-post_type menu-item-object-page menu-item-4052\"><a href=\"https:\/\/gastronomia-aragonesa.com\/fr\/routes\/graus-et-albarracin\/\" class=\"elementor-item\" tabindex=\"-1\">Graus et Albarrac\u00edn<\/a><\/li>\n<li class=\"menu-item menu-item-type-post_type menu-item-object-page menu-item-4053\"><a href=\"https:\/\/gastronomia-aragonesa.com\/fr\/routes\/a-la-croisee-des-chemins\/\" class=\"elementor-item\" tabindex=\"-1\">A la crois\u00e9e des chemins<\/a><\/li>\n<li class=\"menu-item menu-item-type-post_type menu-item-object-page menu-item-4177\"><a href=\"https:\/\/gastronomia-aragonesa.com\/fr\/routes\/el-campo-de-borja\/\" class=\"elementor-item\" tabindex=\"-1\">El Campo de Borja<\/a><\/li>\n<li class=\"menu-item menu-item-type-post_type menu-item-object-page menu-item-4178\"><a href=\"https:\/\/gastronomia-aragonesa.com\/fr\/routes\/chateaux-daragon\/\" class=\"elementor-item\" tabindex=\"-1\">Ch\u00e2teaux d\u2019Arag\u00f3n<\/a><\/li>\n<li class=\"menu-item menu-item-type-post_type menu-item-object-page menu-item-4179\"><a href=\"https:\/\/gastronomia-aragonesa.com\/fr\/routes\/gudar-javalambre\/\" class=\"elementor-item\" tabindex=\"-1\">G\u00fadar-Javalambre<\/a><\/li>\n<li class=\"menu-item menu-item-type-post_type menu-item-object-page menu-item-4202\"><a href=\"https:\/\/gastronomia-aragonesa.com\/fr\/routes\/la-hoya-de-huesca\/\" class=\"elementor-item\" tabindex=\"-1\">La Hoya de Huesca<\/a><\/li>\n<li class=\"menu-item menu-item-type-post_type menu-item-object-page menu-item-4229\"><a href=\"https:\/\/gastronomia-aragonesa.com\/fr\/routes\/aragon-neige\/\" class=\"elementor-item\" tabindex=\"-1\">Arag\u00f3n = neige<\/a><\/li>\n<li class=\"menu-item menu-item-type-post_type menu-item-object-page menu-item-4304\"><a href=\"https:\/\/gastronomia-aragonesa.com\/fr\/routes\/aragon-et-rueda\/\" class=\"elementor-item\" tabindex=\"-1\">Arag\u00f3n et Rueda<\/a><\/li>\n<li class=\"menu-item menu-item-type-post_type menu-item-object-page menu-item-4263\"><a href=\"https:\/\/gastronomia-aragonesa.com\/fr\/routes\/teruel-eblouissante\/\" class=\"elementor-item\" tabindex=\"-1\">Teruel \u00e9blouissante<\/a><\/li>\n<li class=\"menu-item menu-item-type-post_type menu-item-object-page menu-item-4299\"><a href=\"https:\/\/gastronomia-aragonesa.com\/fr\/routes\/15-la-vallee-daragon\/\" class=\"elementor-item\" tabindex=\"-1\">La Vall\u00e9e D\u2019arag\u00f3n<\/a><\/li>\n<\/ul>\t\t\t<\/nav>\n\t\t\t\t\t\t<\/div>\n\t\t\t\t<\/div>\n\t\t\t\t\t<\/div>\n\t\t<\/div>\n\t\t\t\t\t<\/div>\n\t\t<\/section>\n\t\t\t\t\t<\/div>\n\t\t<\/div>\n\t\t\t\t\t<\/div>\n\t\t<\/section>\n\t\t\t\t<\/div>\n\t\t","protected":false},"excerpt":{"rendered":"<p>L\u2019environnement naturel qui entoure calatayud L\u2019attractivit\u00e9 des stations baln\u00e9aires, l\u2019un des attraits touristiques avec le plus de projection en Arag\u00f3n, le charme du monast\u00e8re de Piedra, l\u2019histoire et la culture de Calatayud, la saveur de ses populations qui forment le canton, un parcours magique avec d\u2019innombrable alternatives pour satisfaire les d\u00e9lices les plus divers. Parcourir &#8230; <a title=\"L\u2019environnement naturel qui entoure calatayud\" class=\"read-more\" href=\"https:\/\/gastronomia-aragonesa.com\/fr\/routes\/lenvironnement-naturel-qui-entoure-calatayud\/\" aria-label=\"En savoir plus sur L\u2019environnement naturel qui entoure calatayud\">Lire la suite<\/a><\/p>\n","protected":false},"author":2,"featured_media":0,"parent":3827,"menu_order":3,"comment_status":"closed","ping_status":"closed","template":"elementor_header_footer","meta":{"_acf_changed":false,"generate_page_header":"","footnotes":""},"class_list":["post-3901","page","type-page","status-publish"],"acf":[],"yoast_head":"<!-- This site is optimized with the Yoast SEO plugin v26.6 - https:\/\/yoast.com\/wordpress\/plugins\/seo\/ -->\n<title>L\u2019environnement naturel qui entoure calatayud - Gastronom\u00eda Aragonesa<\/title>\n<meta name=\"description\" content=\"L\u2019environnement naturel qui entoure calatayud L\u2019attractivit\u00e9 des stations baln\u00e9aires, l\u2019un des attraits touristiques avec le plus de projection en Arag\u00f3n,\" \/>\n<meta name=\"robots\" content=\"index, follow, max-snippet:-1, max-image-preview:large, max-video-preview:-1\" \/>\n<link rel=\"canonical\" href=\"https:\/\/gastronomia-aragonesa.com\/fr\/routes\/lenvironnement-naturel-qui-entoure-calatayud\/\" \/>\n<meta property=\"og:locale\" content=\"fr_FR\" \/>\n<meta property=\"og:type\" content=\"article\" \/>\n<meta property=\"og:title\" content=\"L\u2019environnement naturel qui entoure calatayud - Gastronom\u00eda Aragonesa\" \/>\n<meta property=\"og:description\" content=\"L\u2019environnement naturel qui entoure calatayud L\u2019attractivit\u00e9 des stations baln\u00e9aires, l\u2019un des attraits touristiques avec le plus de projection en Arag\u00f3n,\" \/>\n<meta property=\"og:url\" content=\"https:\/\/gastronomia-aragonesa.com\/fr\/routes\/lenvironnement-naturel-qui-entoure-calatayud\/\" \/>\n<meta property=\"og:site_name\" content=\"Gastronom\u00eda Aragonesa\" \/>\n<meta property=\"article:modified_time\" content=\"2018-11-23T18:39:40+00:00\" \/>\n<meta property=\"og:image\" content=\"https:\/\/gastronomia-aragonesa.com\/wp-content\/uploads\/2018\/04\/El-entorno-natural-que-rodea-a-Calatayud-Ayyub-1024x549.jpg\" \/>\n<meta name=\"twitter:card\" content=\"summary_large_image\" \/>\n<meta name=\"twitter:label1\" content=\"Dur\u00e9e de lecture estim\u00e9e\" \/>\n\t<meta name=\"twitter:data1\" content=\"8 minutes\" \/>\n<script type=\"application\/ld+json\" class=\"yoast-schema-graph\">{\"@context\":\"https:\/\/schema.org\",\"@graph\":[{\"@type\":\"WebPage\",\"@id\":\"https:\/\/gastronomia-aragonesa.com\/fr\/routes\/lenvironnement-naturel-qui-entoure-calatayud\/\",\"url\":\"https:\/\/gastronomia-aragonesa.com\/fr\/routes\/lenvironnement-naturel-qui-entoure-calatayud\/\",\"name\":\"L\u2019environnement naturel qui entoure calatayud - Gastronom\u00eda Aragonesa\",\"isPartOf\":{\"@id\":\"https:\/\/gastronomia-aragonesa.com\/#website\"},\"primaryImageOfPage\":{\"@id\":\"https:\/\/gastronomia-aragonesa.com\/fr\/routes\/lenvironnement-naturel-qui-entoure-calatayud\/#primaryimage\"},\"image\":{\"@id\":\"https:\/\/gastronomia-aragonesa.com\/fr\/routes\/lenvironnement-naturel-qui-entoure-calatayud\/#primaryimage\"},\"thumbnailUrl\":\"https:\/\/gastronomia-aragonesa.com\/wp-content\/uploads\/2018\/04\/El-entorno-natural-que-rodea-a-Calatayud-Ayyub-1024x549.jpg\",\"datePublished\":\"2018-11-23T11:33:54+00:00\",\"dateModified\":\"2018-11-23T18:39:40+00:00\",\"description\":\"L\u2019environnement naturel qui entoure calatayud L\u2019attractivit\u00e9 des stations baln\u00e9aires, l\u2019un des attraits touristiques avec le plus de projection en Arag\u00f3n,\",\"breadcrumb\":{\"@id\":\"https:\/\/gastronomia-aragonesa.com\/fr\/routes\/lenvironnement-naturel-qui-entoure-calatayud\/#breadcrumb\"},\"inLanguage\":\"fr-FR\",\"potentialAction\":[{\"@type\":\"ReadAction\",\"target\":[\"https:\/\/gastronomia-aragonesa.com\/fr\/routes\/lenvironnement-naturel-qui-entoure-calatayud\/\"]}]},{\"@type\":\"ImageObject\",\"inLanguage\":\"fr-FR\",\"@id\":\"https:\/\/gastronomia-aragonesa.com\/fr\/routes\/lenvironnement-naturel-qui-entoure-calatayud\/#primaryimage\",\"url\":\"https:\/\/gastronomia-aragonesa.com\/wp-content\/uploads\/2018\/04\/El-entorno-natural-que-rodea-a-Calatayud-Ayyub-1024x549.jpg\",\"contentUrl\":\"https:\/\/gastronomia-aragonesa.com\/wp-content\/uploads\/2018\/04\/El-entorno-natural-que-rodea-a-Calatayud-Ayyub-1024x549.jpg\"},{\"@type\":\"BreadcrumbList\",\"@id\":\"https:\/\/gastronomia-aragonesa.com\/fr\/routes\/lenvironnement-naturel-qui-entoure-calatayud\/#breadcrumb\",\"itemListElement\":[{\"@type\":\"ListItem\",\"position\":1,\"name\":\"Portada\",\"item\":\"https:\/\/gastronomia-aragonesa.com\/\"},{\"@type\":\"ListItem\",\"position\":2,\"name\":\"ROUTES\",\"item\":\"https:\/\/gastronomia-aragonesa.com\/fr\/routes\/\"},{\"@type\":\"ListItem\",\"position\":3,\"name\":\"L\u2019environnement naturel qui entoure calatayud\"}]},{\"@type\":\"WebSite\",\"@id\":\"https:\/\/gastronomia-aragonesa.com\/#website\",\"url\":\"https:\/\/gastronomia-aragonesa.com\/\",\"name\":\"Gastronom\u00eda Aragonesa\",\"description\":\"\",\"publisher\":{\"@id\":\"https:\/\/gastronomia-aragonesa.com\/#organization\"},\"potentialAction\":[{\"@type\":\"SearchAction\",\"target\":{\"@type\":\"EntryPoint\",\"urlTemplate\":\"https:\/\/gastronomia-aragonesa.com\/?s={search_term_string}\"},\"query-input\":{\"@type\":\"PropertyValueSpecification\",\"valueRequired\":true,\"valueName\":\"search_term_string\"}}],\"inLanguage\":\"fr-FR\"},{\"@type\":\"Organization\",\"@id\":\"https:\/\/gastronomia-aragonesa.com\/#organization\",\"name\":\"Gastronom\u00eda Aragonesa, Turismo de Arag\u00f3n\",\"url\":\"https:\/\/gastronomia-aragonesa.com\/\",\"logo\":{\"@type\":\"ImageObject\",\"inLanguage\":\"fr-FR\",\"@id\":\"https:\/\/gastronomia-aragonesa.com\/#\/schema\/logo\/image\/\",\"url\":\"https:\/\/gastronomia-aragonesa.com\/wp-content\/uploads\/2019\/04\/gastronomia-aragonesa-turismo-de-aragon-1.png\",\"contentUrl\":\"https:\/\/gastronomia-aragonesa.com\/wp-content\/uploads\/2019\/04\/gastronomia-aragonesa-turismo-de-aragon-1.png\",\"width\":260,\"height\":69,\"caption\":\"Gastronom\u00eda Aragonesa, Turismo de Arag\u00f3n\"},\"image\":{\"@id\":\"https:\/\/gastronomia-aragonesa.com\/#\/schema\/logo\/image\/\"}}]}<\/script>\n<!-- \/ Yoast SEO plugin. -->","yoast_head_json":{"title":"L\u2019environnement naturel qui entoure calatayud - Gastronom\u00eda Aragonesa","description":"L\u2019environnement naturel qui entoure calatayud L\u2019attractivit\u00e9 des stations baln\u00e9aires, l\u2019un des attraits touristiques avec le plus de projection en Arag\u00f3n,","robots":{"index":"index","follow":"follow","max-snippet":"max-snippet:-1","max-image-preview":"max-image-preview:large","max-video-preview":"max-video-preview:-1"},"canonical":"https:\/\/gastronomia-aragonesa.com\/fr\/routes\/lenvironnement-naturel-qui-entoure-calatayud\/","og_locale":"fr_FR","og_type":"article","og_title":"L\u2019environnement naturel qui entoure calatayud - Gastronom\u00eda Aragonesa","og_description":"L\u2019environnement naturel qui entoure calatayud L\u2019attractivit\u00e9 des stations baln\u00e9aires, l\u2019un des attraits touristiques avec le plus de projection en Arag\u00f3n,","og_url":"https:\/\/gastronomia-aragonesa.com\/fr\/routes\/lenvironnement-naturel-qui-entoure-calatayud\/","og_site_name":"Gastronom\u00eda Aragonesa","article_modified_time":"2018-11-23T18:39:40+00:00","og_image":[{"url":"https:\/\/gastronomia-aragonesa.com\/wp-content\/uploads\/2018\/04\/El-entorno-natural-que-rodea-a-Calatayud-Ayyub-1024x549.jpg","type":"","width":"","height":""}],"twitter_card":"summary_large_image","twitter_misc":{"Dur\u00e9e de lecture estim\u00e9e":"8 minutes"},"schema":{"@context":"https:\/\/schema.org","@graph":[{"@type":"WebPage","@id":"https:\/\/gastronomia-aragonesa.com\/fr\/routes\/lenvironnement-naturel-qui-entoure-calatayud\/","url":"https:\/\/gastronomia-aragonesa.com\/fr\/routes\/lenvironnement-naturel-qui-entoure-calatayud\/","name":"L\u2019environnement naturel qui entoure calatayud - Gastronom\u00eda Aragonesa","isPartOf":{"@id":"https:\/\/gastronomia-aragonesa.com\/#website"},"primaryImageOfPage":{"@id":"https:\/\/gastronomia-aragonesa.com\/fr\/routes\/lenvironnement-naturel-qui-entoure-calatayud\/#primaryimage"},"image":{"@id":"https:\/\/gastronomia-aragonesa.com\/fr\/routes\/lenvironnement-naturel-qui-entoure-calatayud\/#primaryimage"},"thumbnailUrl":"https:\/\/gastronomia-aragonesa.com\/wp-content\/uploads\/2018\/04\/El-entorno-natural-que-rodea-a-Calatayud-Ayyub-1024x549.jpg","datePublished":"2018-11-23T11:33:54+00:00","dateModified":"2018-11-23T18:39:40+00:00","description":"L\u2019environnement naturel qui entoure calatayud L\u2019attractivit\u00e9 des stations baln\u00e9aires, l\u2019un des attraits touristiques avec le plus de projection en Arag\u00f3n,","breadcrumb":{"@id":"https:\/\/gastronomia-aragonesa.com\/fr\/routes\/lenvironnement-naturel-qui-entoure-calatayud\/#breadcrumb"},"inLanguage":"fr-FR","potentialAction":[{"@type":"ReadAction","target":["https:\/\/gastronomia-aragonesa.com\/fr\/routes\/lenvironnement-naturel-qui-entoure-calatayud\/"]}]},{"@type":"ImageObject","inLanguage":"fr-FR","@id":"https:\/\/gastronomia-aragonesa.com\/fr\/routes\/lenvironnement-naturel-qui-entoure-calatayud\/#primaryimage","url":"https:\/\/gastronomia-aragonesa.com\/wp-content\/uploads\/2018\/04\/El-entorno-natural-que-rodea-a-Calatayud-Ayyub-1024x549.jpg","contentUrl":"https:\/\/gastronomia-aragonesa.com\/wp-content\/uploads\/2018\/04\/El-entorno-natural-que-rodea-a-Calatayud-Ayyub-1024x549.jpg"},{"@type":"BreadcrumbList","@id":"https:\/\/gastronomia-aragonesa.com\/fr\/routes\/lenvironnement-naturel-qui-entoure-calatayud\/#breadcrumb","itemListElement":[{"@type":"ListItem","position":1,"name":"Portada","item":"https:\/\/gastronomia-aragonesa.com\/"},{"@type":"ListItem","position":2,"name":"ROUTES","item":"https:\/\/gastronomia-aragonesa.com\/fr\/routes\/"},{"@type":"ListItem","position":3,"name":"L\u2019environnement naturel qui entoure calatayud"}]},{"@type":"WebSite","@id":"https:\/\/gastronomia-aragonesa.com\/#website","url":"https:\/\/gastronomia-aragonesa.com\/","name":"Gastronom\u00eda Aragonesa","description":"","publisher":{"@id":"https:\/\/gastronomia-aragonesa.com\/#organization"},"potentialAction":[{"@type":"SearchAction","target":{"@type":"EntryPoint","urlTemplate":"https:\/\/gastronomia-aragonesa.com\/?s={search_term_string}"},"query-input":{"@type":"PropertyValueSpecification","valueRequired":true,"valueName":"search_term_string"}}],"inLanguage":"fr-FR"},{"@type":"Organization","@id":"https:\/\/gastronomia-aragonesa.com\/#organization","name":"Gastronom\u00eda Aragonesa, Turismo de Arag\u00f3n","url":"https:\/\/gastronomia-aragonesa.com\/","logo":{"@type":"ImageObject","inLanguage":"fr-FR","@id":"https:\/\/gastronomia-aragonesa.com\/#\/schema\/logo\/image\/","url":"https:\/\/gastronomia-aragonesa.com\/wp-content\/uploads\/2019\/04\/gastronomia-aragonesa-turismo-de-aragon-1.png","contentUrl":"https:\/\/gastronomia-aragonesa.com\/wp-content\/uploads\/2019\/04\/gastronomia-aragonesa-turismo-de-aragon-1.png","width":260,"height":69,"caption":"Gastronom\u00eda Aragonesa, Turismo de Arag\u00f3n"},"image":{"@id":"https:\/\/gastronomia-aragonesa.com\/#\/schema\/logo\/image\/"}}]}},"_links":{"self":[{"href":"https:\/\/gastronomia-aragonesa.com\/fr\/wp-json\/wp\/v2\/pages\/3901","targetHints":{"allow":["GET"]}}],"collection":[{"href":"https:\/\/gastronomia-aragonesa.com\/fr\/wp-json\/wp\/v2\/pages"}],"about":[{"href":"https:\/\/gastronomia-aragonesa.com\/fr\/wp-json\/wp\/v2\/types\/page"}],"author":[{"embeddable":true,"href":"https:\/\/gastronomia-aragonesa.com\/fr\/wp-json\/wp\/v2\/users\/2"}],"replies":[{"embeddable":true,"href":"https:\/\/gastronomia-aragonesa.com\/fr\/wp-json\/wp\/v2\/comments?post=3901"}],"version-history":[{"count":3,"href":"https:\/\/gastronomia-aragonesa.com\/fr\/wp-json\/wp\/v2\/pages\/3901\/revisions"}],"predecessor-version":[{"id":3928,"href":"https:\/\/gastronomia-aragonesa.com\/fr\/wp-json\/wp\/v2\/pages\/3901\/revisions\/3928"}],"up":[{"embeddable":true,"href":"https:\/\/gastronomia-aragonesa.com\/fr\/wp-json\/wp\/v2\/pages\/3827"}],"wp:attachment":[{"href":"https:\/\/gastronomia-aragonesa.com\/fr\/wp-json\/wp\/v2\/media?parent=3901"}],"curies":[{"name":"wp","href":"https:\/\/api.w.org\/{rel}","templated":true}]}}