{"id":3470,"date":"2018-07-20T23:12:35","date_gmt":"2018-07-20T23:12:35","guid":{"rendered":"https:\/\/gastronomia-aragonesa.com\/novembre\/"},"modified":"2023-11-17T09:42:28","modified_gmt":"2023-11-17T09:42:28","slug":"novembre","status":"publish","type":"page","link":"https:\/\/gastronomia-aragonesa.com\/fr\/calendrier\/novembre\/","title":{"rendered":"Novembre"},"content":{"rendered":"\t\t<div data-elementor-type=\"wp-post\" data-elementor-id=\"3470\" class=\"elementor elementor-3470 elementor-467\" data-elementor-post-type=\"page\">\n\t\t\t\t\t\t<section class=\"elementor-section elementor-top-section elementor-element elementor-element-6cd8066 elementor-section-height-min-height elementor-section-items-top elementor-section-stretched elementor-section-boxed elementor-section-height-default\" data-id=\"6cd8066\" data-element_type=\"section\" data-settings=\"{&quot;background_background&quot;:&quot;gradient&quot;,&quot;stretch_section&quot;:&quot;section-stretched&quot;}\">\n\t\t\t\t\t\t\t<div class=\"elementor-background-overlay\"><\/div>\n\t\t\t\t\t\t\t<div class=\"elementor-container elementor-column-gap-default\">\n\t\t\t\t\t<div class=\"elementor-column elementor-col-100 elementor-top-column elementor-element elementor-element-52f53b3\" data-id=\"52f53b3\" data-element_type=\"column\">\n\t\t\t<div class=\"elementor-widget-wrap elementor-element-populated\">\n\t\t\t\t\t\t<div class=\"elementor-element elementor-element-4bdee1d9 elementor-widget elementor-widget-heading\" data-id=\"4bdee1d9\" data-element_type=\"widget\" data-widget_type=\"heading.default\">\n\t\t\t\t<div class=\"elementor-widget-container\">\n\t\t\t\t\t<h1 class=\"elementor-heading-title elementor-size-default\">NOVEMBRE<\/h1>\t\t\t\t<\/div>\n\t\t\t\t<\/div>\n\t\t\t\t<div class=\"elementor-element elementor-element-111eef84 elementor-nav-menu__align-center elementor-nav-menu__text-align-center elementor-nav-menu--dropdown-tablet elementor-nav-menu--toggle elementor-nav-menu--burger elementor-widget elementor-widget-nav-menu\" data-id=\"111eef84\" data-element_type=\"widget\" data-settings=\"{&quot;layout&quot;:&quot;horizontal&quot;,&quot;submenu_icon&quot;:{&quot;value&quot;:&quot;&lt;i class=\\&quot;fas fa-caret-down\\&quot; aria-hidden=\\&quot;true\\&quot;&gt;&lt;\\\/i&gt;&quot;,&quot;library&quot;:&quot;fa-solid&quot;},&quot;toggle&quot;:&quot;burger&quot;}\" data-widget_type=\"nav-menu.default\">\n\t\t\t\t<div class=\"elementor-widget-container\">\n\t\t\t\t\t\t\t\t<nav aria-label=\"Menu\" class=\"elementor-nav-menu--main elementor-nav-menu__container elementor-nav-menu--layout-horizontal e--pointer-underline e--animation-drop-out\">\n\t\t\t\t<ul id=\"menu-1-111eef84\" class=\"elementor-nav-menu\"><li class=\"menu-item menu-item-type-post_type menu-item-object-page menu-item-3615\"><a href=\"https:\/\/gastronomia-aragonesa.com\/fr\/calendrier\/janvier\/\" class=\"elementor-item\">Janvier<\/a><\/li>\n<li class=\"menu-item menu-item-type-post_type menu-item-object-page menu-item-3614\"><a href=\"https:\/\/gastronomia-aragonesa.com\/fr\/calendrier\/fevrier\/\" class=\"elementor-item\">F\u00e9vrier<\/a><\/li>\n<li class=\"menu-item menu-item-type-post_type menu-item-object-page menu-item-3616\"><a href=\"https:\/\/gastronomia-aragonesa.com\/fr\/calendrier\/mars\/\" class=\"elementor-item\">Mars<\/a><\/li>\n<li class=\"menu-item menu-item-type-post_type menu-item-object-page menu-item-3617\"><a href=\"https:\/\/gastronomia-aragonesa.com\/fr\/calendrier\/avril\/\" class=\"elementor-item\">Avril<\/a><\/li>\n<li class=\"menu-item menu-item-type-post_type menu-item-object-page menu-item-3618\"><a href=\"https:\/\/gastronomia-aragonesa.com\/fr\/calendrier\/mai\/\" class=\"elementor-item\">Mai<\/a><\/li>\n<li class=\"menu-item menu-item-type-post_type menu-item-object-page menu-item-3619\"><a href=\"https:\/\/gastronomia-aragonesa.com\/fr\/calendrier\/juin\/\" class=\"elementor-item\">Juin<\/a><\/li>\n<li class=\"menu-item menu-item-type-post_type menu-item-object-page menu-item-3620\"><a href=\"https:\/\/gastronomia-aragonesa.com\/fr\/calendrier\/juillet\/\" class=\"elementor-item\">Juillet<\/a><\/li>\n<li class=\"menu-item menu-item-type-post_type menu-item-object-page menu-item-3621\"><a href=\"https:\/\/gastronomia-aragonesa.com\/fr\/calendrier\/aout\/\" class=\"elementor-item\">Ao\u00fbt<\/a><\/li>\n<li class=\"menu-item menu-item-type-post_type menu-item-object-page menu-item-3622\"><a href=\"https:\/\/gastronomia-aragonesa.com\/fr\/calendrier\/septembre\/\" class=\"elementor-item\">Septembre<\/a><\/li>\n<li class=\"menu-item menu-item-type-post_type menu-item-object-page menu-item-3623\"><a href=\"https:\/\/gastronomia-aragonesa.com\/fr\/calendrier\/octobre\/\" class=\"elementor-item\">Octobre<\/a><\/li>\n<li class=\"menu-item menu-item-type-post_type menu-item-object-page menu-item-3624\"><a href=\"https:\/\/gastronomia-aragonesa.com\/fr\/calendrier\/novembre\/\" class=\"elementor-item\">Novembre<\/a><\/li>\n<li class=\"menu-item menu-item-type-post_type menu-item-object-page menu-item-3625\"><a href=\"https:\/\/gastronomia-aragonesa.com\/fr\/calendrier\/decembre\/\" class=\"elementor-item\">D\u00e9cembre<\/a><\/li>\n<\/ul>\t\t\t<\/nav>\n\t\t\t\t\t<div class=\"elementor-menu-toggle\" role=\"button\" tabindex=\"0\" aria-label=\"Permuter le menu\" aria-expanded=\"false\">\n\t\t\t<i aria-hidden=\"true\" role=\"presentation\" class=\"elementor-menu-toggle__icon--open eicon-menu-bar\"><\/i><i aria-hidden=\"true\" role=\"presentation\" class=\"elementor-menu-toggle__icon--close eicon-close\"><\/i>\t\t<\/div>\n\t\t\t\t\t<nav class=\"elementor-nav-menu--dropdown elementor-nav-menu__container\" aria-hidden=\"true\">\n\t\t\t\t<ul id=\"menu-2-111eef84\" class=\"elementor-nav-menu\"><li class=\"menu-item menu-item-type-post_type menu-item-object-page menu-item-3615\"><a href=\"https:\/\/gastronomia-aragonesa.com\/fr\/calendrier\/janvier\/\" class=\"elementor-item\" tabindex=\"-1\">Janvier<\/a><\/li>\n<li class=\"menu-item menu-item-type-post_type menu-item-object-page menu-item-3614\"><a href=\"https:\/\/gastronomia-aragonesa.com\/fr\/calendrier\/fevrier\/\" class=\"elementor-item\" tabindex=\"-1\">F\u00e9vrier<\/a><\/li>\n<li class=\"menu-item menu-item-type-post_type menu-item-object-page menu-item-3616\"><a href=\"https:\/\/gastronomia-aragonesa.com\/fr\/calendrier\/mars\/\" class=\"elementor-item\" tabindex=\"-1\">Mars<\/a><\/li>\n<li class=\"menu-item menu-item-type-post_type menu-item-object-page menu-item-3617\"><a href=\"https:\/\/gastronomia-aragonesa.com\/fr\/calendrier\/avril\/\" class=\"elementor-item\" tabindex=\"-1\">Avril<\/a><\/li>\n<li class=\"menu-item menu-item-type-post_type menu-item-object-page menu-item-3618\"><a href=\"https:\/\/gastronomia-aragonesa.com\/fr\/calendrier\/mai\/\" class=\"elementor-item\" tabindex=\"-1\">Mai<\/a><\/li>\n<li class=\"menu-item menu-item-type-post_type menu-item-object-page menu-item-3619\"><a href=\"https:\/\/gastronomia-aragonesa.com\/fr\/calendrier\/juin\/\" class=\"elementor-item\" tabindex=\"-1\">Juin<\/a><\/li>\n<li class=\"menu-item menu-item-type-post_type menu-item-object-page menu-item-3620\"><a href=\"https:\/\/gastronomia-aragonesa.com\/fr\/calendrier\/juillet\/\" class=\"elementor-item\" tabindex=\"-1\">Juillet<\/a><\/li>\n<li class=\"menu-item menu-item-type-post_type menu-item-object-page menu-item-3621\"><a href=\"https:\/\/gastronomia-aragonesa.com\/fr\/calendrier\/aout\/\" class=\"elementor-item\" tabindex=\"-1\">Ao\u00fbt<\/a><\/li>\n<li class=\"menu-item menu-item-type-post_type menu-item-object-page menu-item-3622\"><a href=\"https:\/\/gastronomia-aragonesa.com\/fr\/calendrier\/septembre\/\" class=\"elementor-item\" tabindex=\"-1\">Septembre<\/a><\/li>\n<li class=\"menu-item menu-item-type-post_type menu-item-object-page menu-item-3623\"><a href=\"https:\/\/gastronomia-aragonesa.com\/fr\/calendrier\/octobre\/\" class=\"elementor-item\" tabindex=\"-1\">Octobre<\/a><\/li>\n<li class=\"menu-item menu-item-type-post_type menu-item-object-page menu-item-3624\"><a href=\"https:\/\/gastronomia-aragonesa.com\/fr\/calendrier\/novembre\/\" class=\"elementor-item\" tabindex=\"-1\">Novembre<\/a><\/li>\n<li class=\"menu-item menu-item-type-post_type menu-item-object-page menu-item-3625\"><a href=\"https:\/\/gastronomia-aragonesa.com\/fr\/calendrier\/decembre\/\" class=\"elementor-item\" tabindex=\"-1\">D\u00e9cembre<\/a><\/li>\n<\/ul>\t\t\t<\/nav>\n\t\t\t\t\t\t<\/div>\n\t\t\t\t<\/div>\n\t\t\t\t\t<\/div>\n\t\t<\/div>\n\t\t\t\t\t<\/div>\n\t\t<\/section>\n\t\t\t\t<section class=\"elementor-section elementor-top-section elementor-element elementor-element-6abf7b68 elementor-section-boxed elementor-section-height-default elementor-section-height-default\" data-id=\"6abf7b68\" data-element_type=\"section\">\n\t\t\t\t\t\t<div class=\"elementor-container elementor-column-gap-default\">\n\t\t\t\t\t<div class=\"elementor-column elementor-col-100 elementor-top-column elementor-element elementor-element-24b123b0\" data-id=\"24b123b0\" data-element_type=\"column\">\n\t\t\t<div class=\"elementor-widget-wrap elementor-element-populated\">\n\t\t\t\t\t\t<div class=\"elementor-element elementor-element-1abd3568 elementor-widget elementor-widget-spacer\" data-id=\"1abd3568\" data-element_type=\"widget\" data-widget_type=\"spacer.default\">\n\t\t\t\t<div class=\"elementor-widget-container\">\n\t\t\t\t\t\t\t<div class=\"elementor-spacer\">\n\t\t\t<div class=\"elementor-spacer-inner\"><\/div>\n\t\t<\/div>\n\t\t\t\t\t\t<\/div>\n\t\t\t\t<\/div>\n\t\t\t\t<div class=\"elementor-element elementor-element-5199304c elementor-widget elementor-widget-heading\" data-id=\"5199304c\" data-element_type=\"widget\" data-widget_type=\"heading.default\">\n\t\t\t\t<div class=\"elementor-widget-container\">\n\t\t\t\t\t<h2 class=\"elementor-heading-title elementor-size-default\">Fruits et l\u00e9gumes de novembre<\/h2>\t\t\t\t<\/div>\n\t\t\t\t<\/div>\n\t\t\t\t\t<\/div>\n\t\t<\/div>\n\t\t\t\t\t<\/div>\n\t\t<\/section>\n\t\t\t\t<section class=\"elementor-section elementor-top-section elementor-element elementor-element-5fdc425 elementor-section-stretched elementor-section-boxed elementor-section-height-default elementor-section-height-default\" data-id=\"5fdc425\" data-element_type=\"section\" data-settings=\"{&quot;stretch_section&quot;:&quot;section-stretched&quot;}\">\n\t\t\t\t\t\t<div class=\"elementor-container elementor-column-gap-wider\">\n\t\t\t\t\t<div class=\"elementor-column elementor-col-33 elementor-top-column elementor-element elementor-element-61ecb059\" data-id=\"61ecb059\" data-element_type=\"column\">\n\t\t\t<div class=\"elementor-widget-wrap elementor-element-populated\">\n\t\t\t\t\t\t<div class=\"elementor-element elementor-element-a5c06c8 elementor-widget elementor-widget-image\" data-id=\"a5c06c8\" data-element_type=\"widget\" data-widget_type=\"image.default\">\n\t\t\t\t<div class=\"elementor-widget-container\">\n\t\t\t\t\t\t\t\t\t\t\t\t\t\t\t<img decoding=\"async\" width=\"192\" height=\"184\" src=\"https:\/\/gastronomia-aragonesa.com\/wp-content\/uploads\/2018\/03\/gastronomia-aragonesa-verduras.png\" class=\"attachment-medium size-medium wp-image-3362\" alt=\"\" \/>\t\t\t\t\t\t\t\t\t\t\t\t\t\t\t<\/div>\n\t\t\t\t<\/div>\n\t\t\t\t<div class=\"elementor-element elementor-element-76fce007 elementor-widget elementor-widget-heading\" data-id=\"76fce007\" data-element_type=\"widget\" data-widget_type=\"heading.default\">\n\t\t\t\t<div class=\"elementor-widget-container\">\n\t\t\t\t\t<h2 class=\"elementor-heading-title elementor-size-default\">L\u00e9gumes<\/h2>\t\t\t\t<\/div>\n\t\t\t\t<\/div>\n\t\t\t\t<div class=\"elementor-element elementor-element-2fb45b13 elementor-widget elementor-widget-text-editor\" data-id=\"2fb45b13\" data-element_type=\"widget\" data-widget_type=\"text-editor.default\">\n\t\t\t\t<div class=\"elementor-widget-container\">\n\t\t\t\t\t\t\t\t\t<p>Betterave, ail, ail frais, Artichaut, Aubergine, bourrache, bette, oignons, choux de Bruxelles, chou-fleur, endives, asperges, \u00e9pinards, fenouil, laitue, navet, poivre, poireaux, champignons et carottes.<\/p>\n\t\t\t\t\t\t\t\t<\/div>\n\t\t\t\t<\/div>\n\t\t\t\t\t<\/div>\n\t\t<\/div>\n\t\t\t\t<div class=\"elementor-column elementor-col-33 elementor-top-column elementor-element elementor-element-7945aadc\" data-id=\"7945aadc\" data-element_type=\"column\">\n\t\t\t<div class=\"elementor-widget-wrap elementor-element-populated\">\n\t\t\t\t\t\t<div class=\"elementor-element elementor-element-675e7aa5 elementor-widget elementor-widget-image\" data-id=\"675e7aa5\" data-element_type=\"widget\" data-widget_type=\"image.default\">\n\t\t\t\t<div class=\"elementor-widget-container\">\n\t\t\t\t\t\t\t\t\t\t\t\t\t\t\t<img decoding=\"async\" width=\"118\" height=\"184\" src=\"https:\/\/gastronomia-aragonesa.com\/wp-content\/uploads\/2018\/03\/gastronomia-aragonesa-frutas.png\" class=\"attachment-medium size-medium wp-image-3365\" alt=\"\" \/>\t\t\t\t\t\t\t\t\t\t\t\t\t\t\t<\/div>\n\t\t\t\t<\/div>\n\t\t\t\t<div class=\"elementor-element elementor-element-67e2ce7d elementor-widget elementor-widget-heading\" data-id=\"67e2ce7d\" data-element_type=\"widget\" data-widget_type=\"heading.default\">\n\t\t\t\t<div class=\"elementor-widget-container\">\n\t\t\t\t\t<h2 class=\"elementor-heading-title elementor-size-default\">Fruits frais<\/h2>\t\t\t\t<\/div>\n\t\t\t\t<\/div>\n\t\t\t\t<div class=\"elementor-element elementor-element-2c00a63c elementor-widget elementor-widget-text-editor\" data-id=\"2c00a63c\" data-element_type=\"widget\" data-widget_type=\"text-editor.default\">\n\t\t\t\t<div class=\"elementor-widget-container\">\n\t\t\t\t\t\t\t\t\t<p>Canneberges, grenade, citron vert, citron jaune, mandarine, pomme, coing, oranges, poires, ananas, bananes et raisins.<\/p>\n\t\t\t\t\t\t\t\t<\/div>\n\t\t\t\t<\/div>\n\t\t\t\t\t<\/div>\n\t\t<\/div>\n\t\t\t\t<div class=\"elementor-column elementor-col-33 elementor-top-column elementor-element elementor-element-5aedc287\" data-id=\"5aedc287\" data-element_type=\"column\">\n\t\t\t<div class=\"elementor-widget-wrap elementor-element-populated\">\n\t\t\t\t\t\t<div class=\"elementor-element elementor-element-7aec0672 elementor-widget elementor-widget-image\" data-id=\"7aec0672\" data-element_type=\"widget\" data-widget_type=\"image.default\">\n\t\t\t\t<div class=\"elementor-widget-container\">\n\t\t\t\t\t\t\t\t\t\t\t\t\t\t\t<img decoding=\"async\" width=\"99\" height=\"184\" src=\"https:\/\/gastronomia-aragonesa.com\/wp-content\/uploads\/2018\/03\/gastronomia-aragonesa-frutas-tropicales.png\" class=\"attachment-medium size-medium wp-image-3368\" alt=\"\" \/>\t\t\t\t\t\t\t\t\t\t\t\t\t\t\t<\/div>\n\t\t\t\t<\/div>\n\t\t\t\t<div class=\"elementor-element elementor-element-1439a3d3 elementor-widget elementor-widget-heading\" data-id=\"1439a3d3\" data-element_type=\"widget\" data-widget_type=\"heading.default\">\n\t\t\t\t<div class=\"elementor-widget-container\">\n\t\t\t\t\t<h2 class=\"elementor-heading-title elementor-size-default\">Fruits tropicaux<\/h2>\t\t\t\t<\/div>\n\t\t\t\t<\/div>\n\t\t\t\t<div class=\"elementor-element elementor-element-13c1a155 elementor-widget elementor-widget-text-editor\" data-id=\"13c1a155\" data-element_type=\"widget\" data-widget_type=\"text-editor.default\">\n\t\t\t\t<div class=\"elementor-widget-container\">\n\t\t\t\t\t\t\t\t\t<p>Avocat, Alquejenje, Kakis, Carambole, Noix de coco, Fruit de la Passion, Goyave, Kiwano, Kiwi, Kumquat, Mangue, Mangoustan, Papaye, Ambutan et Tamarillo.<\/p>\n\t\t\t\t\t\t\t\t<\/div>\n\t\t\t\t<\/div>\n\t\t\t\t\t<\/div>\n\t\t<\/div>\n\t\t\t\t\t<\/div>\n\t\t<\/section>\n\t\t\t\t<section class=\"elementor-section elementor-top-section elementor-element elementor-element-7aa2e63c elementor-section-boxed elementor-section-height-default elementor-section-height-default\" data-id=\"7aa2e63c\" data-element_type=\"section\">\n\t\t\t\t\t\t<div class=\"elementor-container elementor-column-gap-wider\">\n\t\t\t\t\t<div class=\"elementor-column elementor-col-100 elementor-top-column elementor-element elementor-element-2b379d45\" data-id=\"2b379d45\" data-element_type=\"column\">\n\t\t\t<div class=\"elementor-widget-wrap elementor-element-populated\">\n\t\t\t\t\t\t<div class=\"elementor-element elementor-element-55f1c28c elementor-widget elementor-widget-spacer\" data-id=\"55f1c28c\" data-element_type=\"widget\" data-widget_type=\"spacer.default\">\n\t\t\t\t<div class=\"elementor-widget-container\">\n\t\t\t\t\t\t\t<div class=\"elementor-spacer\">\n\t\t\t<div class=\"elementor-spacer-inner\"><\/div>\n\t\t<\/div>\n\t\t\t\t\t\t<\/div>\n\t\t\t\t<\/div>\n\t\t\t\t<div class=\"elementor-element elementor-element-3ee5901 elementor-widget elementor-widget-heading\" data-id=\"3ee5901\" data-element_type=\"widget\" data-widget_type=\"heading.default\">\n\t\t\t\t<div class=\"elementor-widget-container\">\n\t\t\t\t\t<h2 class=\"elementor-heading-title elementor-size-default\">Festivit\u00e9s de Novembre<\/h2>\t\t\t\t<\/div>\n\t\t\t\t<\/div>\n\t\t\t\t\t<\/div>\n\t\t<\/div>\n\t\t\t\t\t<\/div>\n\t\t<\/section>\n\t\t\t\t<section class=\"elementor-section elementor-top-section elementor-element elementor-element-58fe40e9 elementor-section-stretched elementor-section-full_width elementor-section-content-middle elementor-section-height-default elementor-section-height-default\" data-id=\"58fe40e9\" data-element_type=\"section\" data-settings=\"{&quot;stretch_section&quot;:&quot;section-stretched&quot;,&quot;background_background&quot;:&quot;classic&quot;}\">\n\t\t\t\t\t\t\t<div class=\"elementor-background-overlay\"><\/div>\n\t\t\t\t\t\t\t<div class=\"elementor-container elementor-column-gap-default\">\n\t\t\t\t\t<div class=\"elementor-column elementor-col-50 elementor-top-column elementor-element elementor-element-719fc643\" data-id=\"719fc643\" data-element_type=\"column\">\n\t\t\t<div class=\"elementor-widget-wrap elementor-element-populated\">\n\t\t\t\t\t\t<div class=\"elementor-element elementor-element-6eadd469 elementor-hidden-tablet elementor-hidden-phone elementor-widget elementor-widget-heading\" data-id=\"6eadd469\" data-element_type=\"widget\" data-widget_type=\"heading.default\">\n\t\t\t\t<div class=\"elementor-widget-container\">\n\t\t\t\t\t<h3 class=\"elementor-heading-title elementor-size-default\">Calendrier<\/br>Gastro<\/br>nomique<\/h3>\t\t\t\t<\/div>\n\t\t\t\t<\/div>\n\t\t\t\t<div class=\"elementor-element elementor-element-3593a40d elementor-hidden-tablet elementor-hidden-phone elementor-widget-divider--view-line elementor-widget elementor-widget-divider\" data-id=\"3593a40d\" data-element_type=\"widget\" data-widget_type=\"divider.default\">\n\t\t\t\t<div class=\"elementor-widget-container\">\n\t\t\t\t\t\t\t<div class=\"elementor-divider\">\n\t\t\t<span class=\"elementor-divider-separator\">\n\t\t\t\t\t\t<\/span>\n\t\t<\/div>\n\t\t\t\t\t\t<\/div>\n\t\t\t\t<\/div>\n\t\t\t\t\t<\/div>\n\t\t<\/div>\n\t\t\t\t<div class=\"elementor-column elementor-col-50 elementor-top-column elementor-element elementor-element-17805467\" data-id=\"17805467\" data-element_type=\"column\" data-settings=\"{&quot;background_background&quot;:&quot;classic&quot;}\">\n\t\t\t<div class=\"elementor-widget-wrap elementor-element-populated\">\n\t\t\t\t\t\t<div class=\"elementor-element elementor-element-1e622f7d elementor-widget elementor-widget-accordion\" data-id=\"1e622f7d\" data-element_type=\"widget\" data-widget_type=\"accordion.default\">\n\t\t\t\t<div class=\"elementor-widget-container\">\n\t\t\t\t\t\t\t<div class=\"elementor-accordion\">\n\t\t\t\t\t\t\t<div class=\"elementor-accordion-item\">\n\t\t\t\t\t<div id=\"elementor-tab-title-5091\" class=\"elementor-tab-title\" data-tab=\"1\" role=\"button\" aria-controls=\"elementor-tab-content-5091\" aria-expanded=\"false\">\n\t\t\t\t\t\t\t\t\t\t\t\t\t<span class=\"elementor-accordion-icon elementor-accordion-icon-right\" aria-hidden=\"true\">\n\t\t\t\t\t\t\t\t\t\t\t\t\t\t\t<span class=\"elementor-accordion-icon-closed\"><i class=\"fas fa-plus\"><\/i><\/span>\n\t\t\t\t\t\t\t\t<span class=\"elementor-accordion-icon-opened\"><i class=\"fas fa-minus\"><\/i><\/span>\n\t\t\t\t\t\t\t\t\t\t\t\t\t\t<\/span>\n\t\t\t\t\t\t\t\t\t\t\t\t<a class=\"elementor-accordion-title\" tabindex=\"0\">8 et 9 novembre, au Maestrazgo, f\u00eate itin\u00e9rante<\/a>\n\t\t\t\t\t<\/div>\n\t\t\t\t\t<div id=\"elementor-tab-content-5091\" class=\"elementor-tab-content elementor-clearfix\" data-tab=\"1\" role=\"region\" aria-labelledby=\"elementor-tab-title-5091\"><p>Le deuxi\u00e8me week-end de novembre, il y a une f\u00eate itin\u00e9rante au Maestrazgo. C&rsquo;est une journ\u00e9e gastronomique compl\u00e8te avec des plats typiques de cette r\u00e9gion, organis\u00e9e par l&rsquo;Association des Entrepreneurs du Tourisme du Maestrazgo. Chaque week-end de cette semaine et jusqu&rsquo;au deuxi\u00e8me week-end de d\u00e9cembre, il y a des journ\u00e9es d\u00e9di\u00e9es aux produits d\u00e9riv\u00e9s du porc et des champignons de saison.<\/p>\n<\/div>\n\t\t\t\t<\/div>\n\t\t\t\t\t\t\t<div class=\"elementor-accordion-item\">\n\t\t\t\t\t<div id=\"elementor-tab-title-5092\" class=\"elementor-tab-title\" data-tab=\"2\" role=\"button\" aria-controls=\"elementor-tab-content-5092\" aria-expanded=\"false\">\n\t\t\t\t\t\t\t\t\t\t\t\t\t<span class=\"elementor-accordion-icon elementor-accordion-icon-right\" aria-hidden=\"true\">\n\t\t\t\t\t\t\t\t\t\t\t\t\t\t\t<span class=\"elementor-accordion-icon-closed\"><i class=\"fas fa-plus\"><\/i><\/span>\n\t\t\t\t\t\t\t\t<span class=\"elementor-accordion-icon-opened\"><i class=\"fas fa-minus\"><\/i><\/span>\n\t\t\t\t\t\t\t\t\t\t\t\t\t\t<\/span>\n\t\t\t\t\t\t\t\t\t\t\t\t<a class=\"elementor-accordion-title\" tabindex=\"0\">11 novembre, San Mart\u00edn<\/a>\n\t\t\t\t\t<\/div>\n\t\t\t\t\t<div id=\"elementor-tab-content-5092\" class=\"elementor-tab-content elementor-clearfix\" data-tab=\"2\" role=\"region\" aria-labelledby=\"elementor-tab-title-5092\"><p>\u00c0 Huesca\u00a0: Le quartier de Santo Domingo et San Martin de Huesca, l&rsquo;un des plus traditionnels \u00e0 Huesca, a organis\u00e9 une semaine de festivit\u00e9s pour v\u00e9n\u00e9rer le saint. Dans cette festivit\u00e9 il ne manque jamais d&rsquo;aliments populaires ans la Plaza del Justicia.<\/p>\n<p>\u00c0 Nueno\u00a0: Il y a une messe de baturra avec une offrande de fleurs, du chocolat chaud et des danses, \u00e0 l&rsquo;occasion de la c\u00e9l\u00e9bration des festivit\u00e9s en l&rsquo;honneur de Saint Martin de Tours.<\/p>\n<p>\u00c0 Albalate de Cinca\u00a0: Le dimanche le plus proche du festival de San Mart\u00edn, la confr\u00e9rie de Saint Martin a retrouv\u00e9, dans les ann\u00e9es 70, le plat traditionnel pris pour la c\u00e9l\u00e9bration en son honneur depuis le 18\u00e8me si\u00e8cle. Il a \u00e9galement r\u00e9cup\u00e9r\u00e9 le menu original de cette \u00e9poque, qui est compos\u00e9 d&rsquo;un d\u00e9jeuner \u00e0 base de morue et \u00e0 midi, de haricots et d&rsquo;agneau. Les haricots sont cuits avec des ingr\u00e9dients tels que l&rsquo;ail, l&rsquo;oignon, du bacon, des saucisses, l&rsquo;huile et le sel et la viande d&rsquo;agneau est cuite assaisonn\u00e9 avec des champignons, des carottes, du vin blanc, cognac, oignons, l&rsquo;ail, les tomates, le persil et la feuille de laurier.<\/p>\n<p>\u00c0 Lascuarre\u00a0: Une foire importante dont les origines se perdent dans le temps est organis\u00e9e \u00e0 ces dates. \u00c0 l&rsquo;heure actuelle, le concours est concentr\u00e9 en une seule journ\u00e9e, dans le cadre de la f\u00eate de San Mart\u00edn. Le parc des expositions, tr\u00e8s populaire dans toutes ses \u00e9ditions, devient une vitrine compl\u00e8te del&rsquo;\u00e9levage, des machines agricoles et des produits alimentaires et artisanaux de la r\u00e9gion, qui est centr\u00e9 autour du grand feu, dans lequel les visiteurs peuvent d\u00e9guster des c\u00f4telettes grill\u00e9es et du vin.<\/p>\n<\/div>\n\t\t\t\t<\/div>\n\t\t\t\t\t\t\t\t<\/div>\n\t\t\t\t\t\t<\/div>\n\t\t\t\t<\/div>\n\t\t\t\t\t<\/div>\n\t\t<\/div>\n\t\t\t\t\t<\/div>\n\t\t<\/section>\n\t\t\t\t<section class=\"elementor-section elementor-top-section elementor-element elementor-element-57ba9e76 elementor-section-boxed elementor-section-height-default elementor-section-height-default\" data-id=\"57ba9e76\" data-element_type=\"section\">\n\t\t\t\t\t\t<div class=\"elementor-container elementor-column-gap-default\">\n\t\t\t\t\t<div class=\"elementor-column elementor-col-100 elementor-top-column elementor-element elementor-element-131046d\" data-id=\"131046d\" data-element_type=\"column\">\n\t\t\t<div class=\"elementor-widget-wrap elementor-element-populated\">\n\t\t\t\t\t\t<div class=\"elementor-element elementor-element-644fdfa elementor-widget elementor-widget-spacer\" data-id=\"644fdfa\" data-element_type=\"widget\" data-widget_type=\"spacer.default\">\n\t\t\t\t<div class=\"elementor-widget-container\">\n\t\t\t\t\t\t\t<div class=\"elementor-spacer\">\n\t\t\t<div class=\"elementor-spacer-inner\"><\/div>\n\t\t<\/div>\n\t\t\t\t\t\t<\/div>\n\t\t\t\t<\/div>\n\t\t\t\t<div class=\"elementor-element elementor-element-4380faa3 elementor-nav-menu__align-center elementor-nav-menu__text-align-center elementor-nav-menu--dropdown-tablet elementor-nav-menu--toggle elementor-nav-menu--burger elementor-widget elementor-widget-nav-menu\" data-id=\"4380faa3\" data-element_type=\"widget\" data-settings=\"{&quot;layout&quot;:&quot;horizontal&quot;,&quot;submenu_icon&quot;:{&quot;value&quot;:&quot;&lt;i class=\\&quot;fas fa-caret-down\\&quot; aria-hidden=\\&quot;true\\&quot;&gt;&lt;\\\/i&gt;&quot;,&quot;library&quot;:&quot;fa-solid&quot;},&quot;toggle&quot;:&quot;burger&quot;}\" data-widget_type=\"nav-menu.default\">\n\t\t\t\t<div class=\"elementor-widget-container\">\n\t\t\t\t\t\t\t\t<nav aria-label=\"Menu\" class=\"elementor-nav-menu--main elementor-nav-menu__container elementor-nav-menu--layout-horizontal e--pointer-underline e--animation-drop-out\">\n\t\t\t\t<ul id=\"menu-1-4380faa3\" class=\"elementor-nav-menu\"><li class=\"menu-item menu-item-type-post_type menu-item-object-page menu-item-3615\"><a href=\"https:\/\/gastronomia-aragonesa.com\/fr\/calendrier\/janvier\/\" class=\"elementor-item\">Janvier<\/a><\/li>\n<li class=\"menu-item menu-item-type-post_type menu-item-object-page menu-item-3614\"><a href=\"https:\/\/gastronomia-aragonesa.com\/fr\/calendrier\/fevrier\/\" class=\"elementor-item\">F\u00e9vrier<\/a><\/li>\n<li class=\"menu-item menu-item-type-post_type menu-item-object-page menu-item-3616\"><a href=\"https:\/\/gastronomia-aragonesa.com\/fr\/calendrier\/mars\/\" class=\"elementor-item\">Mars<\/a><\/li>\n<li class=\"menu-item menu-item-type-post_type menu-item-object-page menu-item-3617\"><a href=\"https:\/\/gastronomia-aragonesa.com\/fr\/calendrier\/avril\/\" class=\"elementor-item\">Avril<\/a><\/li>\n<li class=\"menu-item menu-item-type-post_type menu-item-object-page menu-item-3618\"><a href=\"https:\/\/gastronomia-aragonesa.com\/fr\/calendrier\/mai\/\" class=\"elementor-item\">Mai<\/a><\/li>\n<li class=\"menu-item menu-item-type-post_type menu-item-object-page menu-item-3619\"><a href=\"https:\/\/gastronomia-aragonesa.com\/fr\/calendrier\/juin\/\" class=\"elementor-item\">Juin<\/a><\/li>\n<li class=\"menu-item menu-item-type-post_type menu-item-object-page menu-item-3620\"><a href=\"https:\/\/gastronomia-aragonesa.com\/fr\/calendrier\/juillet\/\" class=\"elementor-item\">Juillet<\/a><\/li>\n<li class=\"menu-item menu-item-type-post_type menu-item-object-page menu-item-3621\"><a href=\"https:\/\/gastronomia-aragonesa.com\/fr\/calendrier\/aout\/\" class=\"elementor-item\">Ao\u00fbt<\/a><\/li>\n<li class=\"menu-item menu-item-type-post_type menu-item-object-page menu-item-3622\"><a href=\"https:\/\/gastronomia-aragonesa.com\/fr\/calendrier\/septembre\/\" class=\"elementor-item\">Septembre<\/a><\/li>\n<li class=\"menu-item menu-item-type-post_type menu-item-object-page menu-item-3623\"><a href=\"https:\/\/gastronomia-aragonesa.com\/fr\/calendrier\/octobre\/\" class=\"elementor-item\">Octobre<\/a><\/li>\n<li class=\"menu-item menu-item-type-post_type menu-item-object-page menu-item-3624\"><a href=\"https:\/\/gastronomia-aragonesa.com\/fr\/calendrier\/novembre\/\" class=\"elementor-item\">Novembre<\/a><\/li>\n<li class=\"menu-item menu-item-type-post_type menu-item-object-page menu-item-3625\"><a href=\"https:\/\/gastronomia-aragonesa.com\/fr\/calendrier\/decembre\/\" class=\"elementor-item\">D\u00e9cembre<\/a><\/li>\n<\/ul>\t\t\t<\/nav>\n\t\t\t\t\t<div class=\"elementor-menu-toggle\" role=\"button\" tabindex=\"0\" aria-label=\"Permuter le menu\" aria-expanded=\"false\">\n\t\t\t<i aria-hidden=\"true\" role=\"presentation\" class=\"elementor-menu-toggle__icon--open eicon-menu-bar\"><\/i><i aria-hidden=\"true\" role=\"presentation\" class=\"elementor-menu-toggle__icon--close eicon-close\"><\/i>\t\t<\/div>\n\t\t\t\t\t<nav class=\"elementor-nav-menu--dropdown elementor-nav-menu__container\" aria-hidden=\"true\">\n\t\t\t\t<ul id=\"menu-2-4380faa3\" class=\"elementor-nav-menu\"><li class=\"menu-item menu-item-type-post_type menu-item-object-page menu-item-3615\"><a href=\"https:\/\/gastronomia-aragonesa.com\/fr\/calendrier\/janvier\/\" class=\"elementor-item\" tabindex=\"-1\">Janvier<\/a><\/li>\n<li class=\"menu-item menu-item-type-post_type menu-item-object-page menu-item-3614\"><a href=\"https:\/\/gastronomia-aragonesa.com\/fr\/calendrier\/fevrier\/\" class=\"elementor-item\" tabindex=\"-1\">F\u00e9vrier<\/a><\/li>\n<li class=\"menu-item menu-item-type-post_type menu-item-object-page menu-item-3616\"><a href=\"https:\/\/gastronomia-aragonesa.com\/fr\/calendrier\/mars\/\" class=\"elementor-item\" tabindex=\"-1\">Mars<\/a><\/li>\n<li class=\"menu-item menu-item-type-post_type menu-item-object-page menu-item-3617\"><a href=\"https:\/\/gastronomia-aragonesa.com\/fr\/calendrier\/avril\/\" class=\"elementor-item\" tabindex=\"-1\">Avril<\/a><\/li>\n<li class=\"menu-item menu-item-type-post_type menu-item-object-page menu-item-3618\"><a href=\"https:\/\/gastronomia-aragonesa.com\/fr\/calendrier\/mai\/\" class=\"elementor-item\" tabindex=\"-1\">Mai<\/a><\/li>\n<li class=\"menu-item menu-item-type-post_type menu-item-object-page menu-item-3619\"><a href=\"https:\/\/gastronomia-aragonesa.com\/fr\/calendrier\/juin\/\" class=\"elementor-item\" tabindex=\"-1\">Juin<\/a><\/li>\n<li class=\"menu-item menu-item-type-post_type menu-item-object-page menu-item-3620\"><a href=\"https:\/\/gastronomia-aragonesa.com\/fr\/calendrier\/juillet\/\" class=\"elementor-item\" tabindex=\"-1\">Juillet<\/a><\/li>\n<li class=\"menu-item menu-item-type-post_type menu-item-object-page menu-item-3621\"><a href=\"https:\/\/gastronomia-aragonesa.com\/fr\/calendrier\/aout\/\" class=\"elementor-item\" tabindex=\"-1\">Ao\u00fbt<\/a><\/li>\n<li class=\"menu-item menu-item-type-post_type menu-item-object-page menu-item-3622\"><a href=\"https:\/\/gastronomia-aragonesa.com\/fr\/calendrier\/septembre\/\" class=\"elementor-item\" tabindex=\"-1\">Septembre<\/a><\/li>\n<li class=\"menu-item menu-item-type-post_type menu-item-object-page menu-item-3623\"><a href=\"https:\/\/gastronomia-aragonesa.com\/fr\/calendrier\/octobre\/\" class=\"elementor-item\" tabindex=\"-1\">Octobre<\/a><\/li>\n<li class=\"menu-item menu-item-type-post_type menu-item-object-page menu-item-3624\"><a href=\"https:\/\/gastronomia-aragonesa.com\/fr\/calendrier\/novembre\/\" class=\"elementor-item\" tabindex=\"-1\">Novembre<\/a><\/li>\n<li class=\"menu-item menu-item-type-post_type menu-item-object-page menu-item-3625\"><a href=\"https:\/\/gastronomia-aragonesa.com\/fr\/calendrier\/decembre\/\" class=\"elementor-item\" tabindex=\"-1\">D\u00e9cembre<\/a><\/li>\n<\/ul>\t\t\t<\/nav>\n\t\t\t\t\t\t<\/div>\n\t\t\t\t<\/div>\n\t\t\t\t<div class=\"elementor-element elementor-element-5243ebc5 elementor-widget elementor-widget-spacer\" data-id=\"5243ebc5\" data-element_type=\"widget\" data-widget_type=\"spacer.default\">\n\t\t\t\t<div class=\"elementor-widget-container\">\n\t\t\t\t\t\t\t<div class=\"elementor-spacer\">\n\t\t\t<div class=\"elementor-spacer-inner\"><\/div>\n\t\t<\/div>\n\t\t\t\t\t\t<\/div>\n\t\t\t\t<\/div>\n\t\t\t\t\t<\/div>\n\t\t<\/div>\n\t\t\t\t\t<\/div>\n\t\t<\/section>\n\t\t\t\t<\/div>\n\t\t","protected":false},"excerpt":{"rendered":"<p>NOVEMBRE Fruits et l\u00e9gumes de novembre L\u00e9gumes Betterave, ail, ail frais, Artichaut, Aubergine, bourrache, bette, oignons, choux de Bruxelles, chou-fleur, endives, asperges, \u00e9pinards, fenouil, laitue, navet, poivre, poireaux, champignons et carottes. Fruits frais Canneberges, grenade, citron vert, citron jaune, mandarine, pomme, coing, oranges, poires, ananas, bananes et raisins. Fruits tropicaux Avocat, Alquejenje, Kakis, Carambole, Noix &#8230; <a title=\"Novembre\" class=\"read-more\" href=\"https:\/\/gastronomia-aragonesa.com\/fr\/calendrier\/novembre\/\" aria-label=\"En savoir plus sur Novembre\">Lire la suite<\/a><\/p>\n","protected":false},"author":2,"featured_media":0,"parent":3629,"menu_order":10,"comment_status":"closed","ping_status":"closed","template":"","meta":{"_acf_changed":false,"generate_page_header":"","footnotes":""},"class_list":["post-3470","page","type-page","status-publish"],"acf":[],"yoast_head":"<!-- This site is optimized with the Yoast SEO plugin v26.6 - https:\/\/yoast.com\/wordpress\/plugins\/seo\/ -->\n<title>Novembre - Gastronom\u00eda Aragonesa<\/title>\n<meta name=\"description\" content=\"NOVEMBRE Fruits et l\u00e9gumes de novembre L\u00e9gumes Betterave, ail, ail frais, Artichaut, Aubergine, bourrache, bette, oignons, choux de Bruxelles, chou-fleur,\" \/>\n<meta name=\"robots\" content=\"index, follow, max-snippet:-1, max-image-preview:large, max-video-preview:-1\" \/>\n<link rel=\"canonical\" href=\"https:\/\/gastronomia-aragonesa.com\/fr\/calendrier\/novembre\/\" \/>\n<meta property=\"og:locale\" content=\"fr_FR\" \/>\n<meta property=\"og:type\" content=\"article\" \/>\n<meta property=\"og:title\" content=\"Novembre - Gastronom\u00eda Aragonesa\" \/>\n<meta property=\"og:description\" content=\"NOVEMBRE Fruits et l\u00e9gumes de novembre L\u00e9gumes Betterave, ail, ail frais, Artichaut, Aubergine, bourrache, bette, oignons, choux de Bruxelles, chou-fleur,\" \/>\n<meta property=\"og:url\" content=\"https:\/\/gastronomia-aragonesa.com\/fr\/calendrier\/novembre\/\" \/>\n<meta property=\"og:site_name\" content=\"Gastronom\u00eda Aragonesa\" \/>\n<meta property=\"article:modified_time\" content=\"2023-11-17T09:42:28+00:00\" \/>\n<meta property=\"og:image\" content=\"https:\/\/gastronomia-aragonesa.com\/wp-content\/uploads\/2018\/03\/gastronomia-aragonesa-verduras.png\" \/>\n<meta name=\"twitter:card\" content=\"summary_large_image\" \/>\n<meta name=\"twitter:label1\" content=\"Dur\u00e9e de lecture estim\u00e9e\" \/>\n\t<meta name=\"twitter:data1\" content=\"4 minutes\" \/>\n<script type=\"application\/ld+json\" class=\"yoast-schema-graph\">{\"@context\":\"https:\/\/schema.org\",\"@graph\":[{\"@type\":\"WebPage\",\"@id\":\"https:\/\/gastronomia-aragonesa.com\/fr\/calendrier\/novembre\/\",\"url\":\"https:\/\/gastronomia-aragonesa.com\/fr\/calendrier\/novembre\/\",\"name\":\"Novembre - Gastronom\u00eda Aragonesa\",\"isPartOf\":{\"@id\":\"https:\/\/gastronomia-aragonesa.com\/#website\"},\"primaryImageOfPage\":{\"@id\":\"https:\/\/gastronomia-aragonesa.com\/fr\/calendrier\/novembre\/#primaryimage\"},\"image\":{\"@id\":\"https:\/\/gastronomia-aragonesa.com\/fr\/calendrier\/novembre\/#primaryimage\"},\"thumbnailUrl\":\"https:\/\/gastronomia-aragonesa.com\/wp-content\/uploads\/2018\/03\/gastronomia-aragonesa-verduras.png\",\"datePublished\":\"2018-07-20T23:12:35+00:00\",\"dateModified\":\"2023-11-17T09:42:28+00:00\",\"description\":\"NOVEMBRE Fruits et l\u00e9gumes de novembre L\u00e9gumes Betterave, ail, ail frais, Artichaut, Aubergine, bourrache, bette, oignons, choux de Bruxelles, chou-fleur,\",\"breadcrumb\":{\"@id\":\"https:\/\/gastronomia-aragonesa.com\/fr\/calendrier\/novembre\/#breadcrumb\"},\"inLanguage\":\"fr-FR\",\"potentialAction\":[{\"@type\":\"ReadAction\",\"target\":[\"https:\/\/gastronomia-aragonesa.com\/fr\/calendrier\/novembre\/\"]}]},{\"@type\":\"ImageObject\",\"inLanguage\":\"fr-FR\",\"@id\":\"https:\/\/gastronomia-aragonesa.com\/fr\/calendrier\/novembre\/#primaryimage\",\"url\":\"https:\/\/gastronomia-aragonesa.com\/wp-content\/uploads\/2018\/03\/gastronomia-aragonesa-verduras.png\",\"contentUrl\":\"https:\/\/gastronomia-aragonesa.com\/wp-content\/uploads\/2018\/03\/gastronomia-aragonesa-verduras.png\"},{\"@type\":\"BreadcrumbList\",\"@id\":\"https:\/\/gastronomia-aragonesa.com\/fr\/calendrier\/novembre\/#breadcrumb\",\"itemListElement\":[{\"@type\":\"ListItem\",\"position\":1,\"name\":\"Portada\",\"item\":\"https:\/\/gastronomia-aragonesa.com\/\"},{\"@type\":\"ListItem\",\"position\":2,\"name\":\"CALENDRIER\",\"item\":\"https:\/\/gastronomia-aragonesa.com\/calendario-gastronomico\/\"},{\"@type\":\"ListItem\",\"position\":3,\"name\":\"Novembre\"}]},{\"@type\":\"WebSite\",\"@id\":\"https:\/\/gastronomia-aragonesa.com\/#website\",\"url\":\"https:\/\/gastronomia-aragonesa.com\/\",\"name\":\"Gastronom\u00eda Aragonesa\",\"description\":\"\",\"publisher\":{\"@id\":\"https:\/\/gastronomia-aragonesa.com\/#organization\"},\"potentialAction\":[{\"@type\":\"SearchAction\",\"target\":{\"@type\":\"EntryPoint\",\"urlTemplate\":\"https:\/\/gastronomia-aragonesa.com\/?s={search_term_string}\"},\"query-input\":{\"@type\":\"PropertyValueSpecification\",\"valueRequired\":true,\"valueName\":\"search_term_string\"}}],\"inLanguage\":\"fr-FR\"},{\"@type\":\"Organization\",\"@id\":\"https:\/\/gastronomia-aragonesa.com\/#organization\",\"name\":\"Gastronom\u00eda Aragonesa, Turismo de Arag\u00f3n\",\"url\":\"https:\/\/gastronomia-aragonesa.com\/\",\"logo\":{\"@type\":\"ImageObject\",\"inLanguage\":\"fr-FR\",\"@id\":\"https:\/\/gastronomia-aragonesa.com\/#\/schema\/logo\/image\/\",\"url\":\"https:\/\/gastronomia-aragonesa.com\/wp-content\/uploads\/2019\/04\/gastronomia-aragonesa-turismo-de-aragon-1.png\",\"contentUrl\":\"https:\/\/gastronomia-aragonesa.com\/wp-content\/uploads\/2019\/04\/gastronomia-aragonesa-turismo-de-aragon-1.png\",\"width\":260,\"height\":69,\"caption\":\"Gastronom\u00eda Aragonesa, Turismo de Arag\u00f3n\"},\"image\":{\"@id\":\"https:\/\/gastronomia-aragonesa.com\/#\/schema\/logo\/image\/\"}}]}<\/script>\n<!-- \/ Yoast SEO plugin. -->","yoast_head_json":{"title":"Novembre - Gastronom\u00eda Aragonesa","description":"NOVEMBRE Fruits et l\u00e9gumes de novembre L\u00e9gumes Betterave, ail, ail frais, Artichaut, Aubergine, bourrache, bette, oignons, choux de Bruxelles, chou-fleur,","robots":{"index":"index","follow":"follow","max-snippet":"max-snippet:-1","max-image-preview":"max-image-preview:large","max-video-preview":"max-video-preview:-1"},"canonical":"https:\/\/gastronomia-aragonesa.com\/fr\/calendrier\/novembre\/","og_locale":"fr_FR","og_type":"article","og_title":"Novembre - Gastronom\u00eda Aragonesa","og_description":"NOVEMBRE Fruits et l\u00e9gumes de novembre L\u00e9gumes Betterave, ail, ail frais, Artichaut, Aubergine, bourrache, bette, oignons, choux de Bruxelles, chou-fleur,","og_url":"https:\/\/gastronomia-aragonesa.com\/fr\/calendrier\/novembre\/","og_site_name":"Gastronom\u00eda Aragonesa","article_modified_time":"2023-11-17T09:42:28+00:00","og_image":[{"url":"https:\/\/gastronomia-aragonesa.com\/wp-content\/uploads\/2018\/03\/gastronomia-aragonesa-verduras.png","type":"","width":"","height":""}],"twitter_card":"summary_large_image","twitter_misc":{"Dur\u00e9e de lecture estim\u00e9e":"4 minutes"},"schema":{"@context":"https:\/\/schema.org","@graph":[{"@type":"WebPage","@id":"https:\/\/gastronomia-aragonesa.com\/fr\/calendrier\/novembre\/","url":"https:\/\/gastronomia-aragonesa.com\/fr\/calendrier\/novembre\/","name":"Novembre - Gastronom\u00eda Aragonesa","isPartOf":{"@id":"https:\/\/gastronomia-aragonesa.com\/#website"},"primaryImageOfPage":{"@id":"https:\/\/gastronomia-aragonesa.com\/fr\/calendrier\/novembre\/#primaryimage"},"image":{"@id":"https:\/\/gastronomia-aragonesa.com\/fr\/calendrier\/novembre\/#primaryimage"},"thumbnailUrl":"https:\/\/gastronomia-aragonesa.com\/wp-content\/uploads\/2018\/03\/gastronomia-aragonesa-verduras.png","datePublished":"2018-07-20T23:12:35+00:00","dateModified":"2023-11-17T09:42:28+00:00","description":"NOVEMBRE Fruits et l\u00e9gumes de novembre L\u00e9gumes Betterave, ail, ail frais, Artichaut, Aubergine, bourrache, bette, oignons, choux de Bruxelles, chou-fleur,","breadcrumb":{"@id":"https:\/\/gastronomia-aragonesa.com\/fr\/calendrier\/novembre\/#breadcrumb"},"inLanguage":"fr-FR","potentialAction":[{"@type":"ReadAction","target":["https:\/\/gastronomia-aragonesa.com\/fr\/calendrier\/novembre\/"]}]},{"@type":"ImageObject","inLanguage":"fr-FR","@id":"https:\/\/gastronomia-aragonesa.com\/fr\/calendrier\/novembre\/#primaryimage","url":"https:\/\/gastronomia-aragonesa.com\/wp-content\/uploads\/2018\/03\/gastronomia-aragonesa-verduras.png","contentUrl":"https:\/\/gastronomia-aragonesa.com\/wp-content\/uploads\/2018\/03\/gastronomia-aragonesa-verduras.png"},{"@type":"BreadcrumbList","@id":"https:\/\/gastronomia-aragonesa.com\/fr\/calendrier\/novembre\/#breadcrumb","itemListElement":[{"@type":"ListItem","position":1,"name":"Portada","item":"https:\/\/gastronomia-aragonesa.com\/"},{"@type":"ListItem","position":2,"name":"CALENDRIER","item":"https:\/\/gastronomia-aragonesa.com\/calendario-gastronomico\/"},{"@type":"ListItem","position":3,"name":"Novembre"}]},{"@type":"WebSite","@id":"https:\/\/gastronomia-aragonesa.com\/#website","url":"https:\/\/gastronomia-aragonesa.com\/","name":"Gastronom\u00eda Aragonesa","description":"","publisher":{"@id":"https:\/\/gastronomia-aragonesa.com\/#organization"},"potentialAction":[{"@type":"SearchAction","target":{"@type":"EntryPoint","urlTemplate":"https:\/\/gastronomia-aragonesa.com\/?s={search_term_string}"},"query-input":{"@type":"PropertyValueSpecification","valueRequired":true,"valueName":"search_term_string"}}],"inLanguage":"fr-FR"},{"@type":"Organization","@id":"https:\/\/gastronomia-aragonesa.com\/#organization","name":"Gastronom\u00eda Aragonesa, Turismo de Arag\u00f3n","url":"https:\/\/gastronomia-aragonesa.com\/","logo":{"@type":"ImageObject","inLanguage":"fr-FR","@id":"https:\/\/gastronomia-aragonesa.com\/#\/schema\/logo\/image\/","url":"https:\/\/gastronomia-aragonesa.com\/wp-content\/uploads\/2019\/04\/gastronomia-aragonesa-turismo-de-aragon-1.png","contentUrl":"https:\/\/gastronomia-aragonesa.com\/wp-content\/uploads\/2019\/04\/gastronomia-aragonesa-turismo-de-aragon-1.png","width":260,"height":69,"caption":"Gastronom\u00eda Aragonesa, Turismo de Arag\u00f3n"},"image":{"@id":"https:\/\/gastronomia-aragonesa.com\/#\/schema\/logo\/image\/"}}]}},"_links":{"self":[{"href":"https:\/\/gastronomia-aragonesa.com\/fr\/wp-json\/wp\/v2\/pages\/3470","targetHints":{"allow":["GET"]}}],"collection":[{"href":"https:\/\/gastronomia-aragonesa.com\/fr\/wp-json\/wp\/v2\/pages"}],"about":[{"href":"https:\/\/gastronomia-aragonesa.com\/fr\/wp-json\/wp\/v2\/types\/page"}],"author":[{"embeddable":true,"href":"https:\/\/gastronomia-aragonesa.com\/fr\/wp-json\/wp\/v2\/users\/2"}],"replies":[{"embeddable":true,"href":"https:\/\/gastronomia-aragonesa.com\/fr\/wp-json\/wp\/v2\/comments?post=3470"}],"version-history":[{"count":4,"href":"https:\/\/gastronomia-aragonesa.com\/fr\/wp-json\/wp\/v2\/pages\/3470\/revisions"}],"predecessor-version":[{"id":9671,"href":"https:\/\/gastronomia-aragonesa.com\/fr\/wp-json\/wp\/v2\/pages\/3470\/revisions\/9671"}],"up":[{"embeddable":true,"href":"https:\/\/gastronomia-aragonesa.com\/fr\/wp-json\/wp\/v2\/pages\/3629"}],"wp:attachment":[{"href":"https:\/\/gastronomia-aragonesa.com\/fr\/wp-json\/wp\/v2\/media?parent=3470"}],"curies":[{"name":"wp","href":"https:\/\/api.w.org\/{rel}","templated":true}]}}